{"id":10354,"date":"2023-08-06T06:43:03","date_gmt":"2023-08-06T05:43:03","guid":{"rendered":"https:\/\/yavaitcachezmeme.fr\/?page_id=10354"},"modified":"2025-11-10T08:10:42","modified_gmt":"2025-11-10T07:10:42","slug":"cabinet-de-lecture","status":"publish","type":"page","link":"https:\/\/yavaitcachezmeme.fr\/index.php\/bernay\/cabinet-de-lecture\/","title":{"rendered":"Cabinet de lecture"},"content":{"rendered":"<div style=\"font-size: 100%; font-family: georgia;\">\n<p style=\"text-align: justify;\"><span style=\"font-size: 120%;\">Le <span style=\"color: #ff6600;\"><strong>cabinet de lecture<\/strong><\/span> pr\u00e9sente de petites \u00e9tudes ayant pour th\u00e8me l&rsquo;histoire de Bernay et de ses alentours. Les auteurs sont principalement des locaux et leurs publications sont propos\u00e9es par ordre chronologique. Les annotations sur certains ouvrages ne sont pas de mon fait mais celui de l&rsquo;ancien propri\u00e9taire.<\/span><\/p>\n<p style=\"text-align: center;\"><img loading=\"lazy\" decoding=\"async\" class=\"alignnone wp-image-12436\" src=\"https:\/\/yavaitcachezmeme.fr\/wp-content\/uploads\/2024\/11\/C-de-L-600x287.png\" alt=\"\" width=\"100\" height=\"48\" srcset=\"https:\/\/yavaitcachezmeme.fr\/wp-content\/uploads\/2024\/11\/C-de-L-600x287.png 600w, https:\/\/yavaitcachezmeme.fr\/wp-content\/uploads\/2024\/11\/C-de-L.png 895w\" sizes=\"auto, (max-width: 100px) 100vw, 100px\" \/><\/p>\n<p><span style=\"font-size: 120%;\"><span style=\"text-decoration: underline; color: #ff6600;\"><strong>Anonyme :<\/strong><\/span>\u00a0<\/span><\/p>\n<p style=\"text-align: justify;\"><span style=\"font-size: 120%;\">La brochure ci-dessous n&rsquo;est pas sign\u00e9e.<\/span><\/p>\n<p><img loading=\"lazy\" decoding=\"async\" class=\"aligncenter wp-image-10891\" src=\"https:\/\/yavaitcachezmeme.fr\/wp-content\/uploads\/2023\/10\/1872_Histoire-de-la-Garde-Nationale-de-Bernay_0-400x600.jpg\" alt=\"\" width=\"475\" height=\"713\" srcset=\"https:\/\/yavaitcachezmeme.fr\/wp-content\/uploads\/2023\/10\/1872_Histoire-de-la-Garde-Nationale-de-Bernay_0-400x600.jpg 400w, https:\/\/yavaitcachezmeme.fr\/wp-content\/uploads\/2023\/10\/1872_Histoire-de-la-Garde-Nationale-de-Bernay_0-683x1024.jpg 683w, https:\/\/yavaitcachezmeme.fr\/wp-content\/uploads\/2023\/10\/1872_Histoire-de-la-Garde-Nationale-de-Bernay_0-1024x1536.jpg 1024w, https:\/\/yavaitcachezmeme.fr\/wp-content\/uploads\/2023\/10\/1872_Histoire-de-la-Garde-Nationale-de-Bernay_0.jpg 1260w\" sizes=\"auto, (max-width: 475px) 100vw, 475px\" \/><\/p>\n<p style=\"text-align: center;\">1872 \u2013 <em>Histoire de la Garde Nationale de Bernay<br \/>\nSon h\u00e9ro\u00efsme au 18 Frimaire an X et au 21 Janvier 1871<\/em><br \/>\nCliquer sur le lien ci-contre pour obtenir le document : <a href=\"https:\/\/yavaitcachezmeme.fr\/wp-content\/uploads\/2023\/10\/1872_Histoire-de-la-Garde-Nationale-de-Bernay.pdf\" target=\"_blank\" rel=\"noopener\">Histoire de la Garde Nationale<\/a><\/p>\n<p style=\"text-align: center;\"><span style=\"color: #ff6600;\"><strong>~o~<\/strong><\/span><\/p>\n<p><span style=\"font-size: 120%;\"><span style=\"text-decoration: underline; color: #ff6600;\"><strong>\u00c9mile FREMONT :<\/strong><\/span> (02-09-1843 \u2013 )<\/span><\/p>\n<p style=\"text-align: justify;\"><span style=\"font-size: 120%;\">Agriculteur, Fran\u00e7ois \u00c9mile FREMONT est n\u00e9 \u00e0 La Roussi\u00e8re le 2 septembre 1843 au domicile de ses parents. C&rsquo;est le fils de Jean Fran\u00e7ois FREMONT cultivateur et de Rose COGIS.<\/span><\/p>\n<p><img loading=\"lazy\" decoding=\"async\" class=\"aligncenter wp-image-10837\" src=\"https:\/\/yavaitcachezmeme.fr\/wp-content\/uploads\/2023\/09\/1892_Notice-historique-de-La-Roussiere_000-355x600.jpg\" alt=\"\" width=\"475\" height=\"803\" srcset=\"https:\/\/yavaitcachezmeme.fr\/wp-content\/uploads\/2023\/09\/1892_Notice-historique-de-La-Roussiere_000-355x600.jpg 355w, https:\/\/yavaitcachezmeme.fr\/wp-content\/uploads\/2023\/09\/1892_Notice-historique-de-La-Roussiere_000-605x1024.jpg 605w, https:\/\/yavaitcachezmeme.fr\/wp-content\/uploads\/2023\/09\/1892_Notice-historique-de-La-Roussiere_000-908x1536.jpg 908w, https:\/\/yavaitcachezmeme.fr\/wp-content\/uploads\/2023\/09\/1892_Notice-historique-de-La-Roussiere_000.jpg 1024w\" sizes=\"auto, (max-width: 475px) 100vw, 475px\" \/><\/p>\n<p style=\"text-align: center;\">E. FREMONT \u2013 1892 \u2013 <em>Notice historique de La Roussi\u00e8re et du Val du Theil<\/em><br \/>\nCliquer sur le lien ci-contre pour obtenir le document : <a href=\"https:\/\/yavaitcachezmeme.fr\/wp-content\/uploads\/2023\/09\/1892_Notice-historique-de-La-Roussiere.pdf\" target=\"_blank\" rel=\"noopener\">Notice historique de La Roussi\u00e8re<\/a><\/p>\n<p style=\"text-align: center;\"><span style=\"color: #ff6600;\"><strong>~o~<\/strong><\/span><\/p>\n<p><span style=\"font-size: 120%;\"><span style=\"text-decoration: underline; color: #ff6600;\"><strong>Alexandre Vivant GARDIN :<\/strong><\/span> (10-08-1832 \u2013 16-12-1913)<\/span><\/p>\n<p style=\"text-align: justify;\"><span style=\"font-size: 120%;\">Percepteur surnum\u00e9raire, arch\u00e9ologue et historien, Alexandre GARDIN est n\u00e9 \u00e0 Bernay le 10 ao\u00fbt 1832 au domicile de ses parents rue du Commerce (aujourd&rsquo;hui rue Thiers). C&rsquo;est le fils de Jean Vivant GARDIN marchand mercier et de Marguerite OZANNE. Il d\u00e9c\u00e8de le 16 d\u00e9cembre 1913 en son domicile, rue Albert Glatigny \u00e0 Bernay.<\/span><\/p>\n<p><img loading=\"lazy\" decoding=\"async\" class=\"aligncenter wp-image-10893\" src=\"https:\/\/yavaitcachezmeme.fr\/wp-content\/uploads\/2023\/10\/18750612_Porches-et-etaux-de-lancien-Bernai_1-400x600.jpg\" alt=\"\" width=\"475\" height=\"713\" srcset=\"https:\/\/yavaitcachezmeme.fr\/wp-content\/uploads\/2023\/10\/18750612_Porches-et-etaux-de-lancien-Bernai_1-400x600.jpg 400w, https:\/\/yavaitcachezmeme.fr\/wp-content\/uploads\/2023\/10\/18750612_Porches-et-etaux-de-lancien-Bernai_1-683x1024.jpg 683w, https:\/\/yavaitcachezmeme.fr\/wp-content\/uploads\/2023\/10\/18750612_Porches-et-etaux-de-lancien-Bernai_1-1024x1536.jpg 1024w, https:\/\/yavaitcachezmeme.fr\/wp-content\/uploads\/2023\/10\/18750612_Porches-et-etaux-de-lancien-Bernai_1.jpg 1260w\" sizes=\"auto, (max-width: 475px) 100vw, 475px\" \/><\/p>\n<p style=\"text-align: center;\">A. GARDIN \u2013 12 juin 1875\u00a0 \u2013 <em>Les Porches et les \u00c9taux de l&rsquo;ancien Bernai<\/em><br \/>\nCliquer sur le lien ci-contre pour obtenir le document : <a href=\"https:\/\/yavaitcachezmeme.fr\/wp-content\/uploads\/2023\/10\/1875_Porches-et-etaux-de-lancien-Bernai.pdf\" target=\"_blank\" rel=\"noopener\">Porches et \u00c9taux de l&rsquo;ancien Bernai<\/a><\/p>\n<p><img loading=\"lazy\" decoding=\"async\" class=\"aligncenter wp-image-10353\" src=\"https:\/\/yavaitcachezmeme.fr\/wp-content\/uploads\/2023\/08\/18830515_A-G_IFS-FUNEBRES_1-375x600.jpg\" alt=\"\" width=\"475\" height=\"760\" srcset=\"https:\/\/yavaitcachezmeme.fr\/wp-content\/uploads\/2023\/08\/18830515_A-G_IFS-FUNEBRES_1-375x600.jpg 375w, https:\/\/yavaitcachezmeme.fr\/wp-content\/uploads\/2023\/08\/18830515_A-G_IFS-FUNEBRES_1-640x1024.jpg 640w, https:\/\/yavaitcachezmeme.fr\/wp-content\/uploads\/2023\/08\/18830515_A-G_IFS-FUNEBRES_1-960x1536.jpg 960w, https:\/\/yavaitcachezmeme.fr\/wp-content\/uploads\/2023\/08\/18830515_A-G_IFS-FUNEBRES_1.jpg 1181w\" sizes=\"auto, (max-width: 475px) 100vw, 475px\" \/><\/p>\n<p style=\"text-align: center;\">A. GARDIN \u2013 15 mai 1883\u00a0 \u2013 <em>Les ifs fun\u00e8bres du canton de Bernai<\/em><br \/>\nCliquer sur le lien ci-contre pour obtenir le document <a href=\"https:\/\/yavaitcachezmeme.fr\/wp-content\/uploads\/2023\/08\/18830515_A-G_IFS-FUNEBRES.pdf\" target=\"_blank\" rel=\"noopener\">Les ifs fun\u00e8bres<\/a><\/p>\n<p><img loading=\"lazy\" decoding=\"async\" class=\"aligncenter wp-image-10379\" src=\"https:\/\/yavaitcachezmeme.fr\/wp-content\/uploads\/2023\/08\/18930415_AG_PREMIERS-SEIGNEURS-DE-SERQUIGNY_0-400x600.jpg\" alt=\"\" width=\"475\" height=\"713\" srcset=\"https:\/\/yavaitcachezmeme.fr\/wp-content\/uploads\/2023\/08\/18930415_AG_PREMIERS-SEIGNEURS-DE-SERQUIGNY_0-400x600.jpg 400w, https:\/\/yavaitcachezmeme.fr\/wp-content\/uploads\/2023\/08\/18930415_AG_PREMIERS-SEIGNEURS-DE-SERQUIGNY_0-683x1024.jpg 683w, https:\/\/yavaitcachezmeme.fr\/wp-content\/uploads\/2023\/08\/18930415_AG_PREMIERS-SEIGNEURS-DE-SERQUIGNY_0-1024x1536.jpg 1024w, https:\/\/yavaitcachezmeme.fr\/wp-content\/uploads\/2023\/08\/18930415_AG_PREMIERS-SEIGNEURS-DE-SERQUIGNY_0.jpg 1260w\" sizes=\"auto, (max-width: 475px) 100vw, 475px\" \/><\/p>\n<p style=\"text-align: center;\">A. GARDIN \u2013 15 avril 1893\u00a0 \u2013 <em>Les premiers Seigneurs de Serquigny<\/em><br \/>\nCliquer sur le lien ci-contre pour obtenir le document <a href=\"https:\/\/yavaitcachezmeme.fr\/wp-content\/uploads\/2023\/08\/18930415_AG_PREMIERS-SEIGNEURS-DE-SERQUIGNY.pdf\" target=\"_blank\" rel=\"noopener\">Les Seigneurs de Serquigny<\/a><\/p>\n<p><img loading=\"lazy\" decoding=\"async\" class=\"aligncenter wp-image-10508\" src=\"https:\/\/yavaitcachezmeme.fr\/wp-content\/uploads\/2023\/08\/19060915_AG_Ancien-college-de-Bernay_0-375x600.jpg\" alt=\"\" width=\"475\" height=\"760\" srcset=\"https:\/\/yavaitcachezmeme.fr\/wp-content\/uploads\/2023\/08\/19060915_AG_Ancien-college-de-Bernay_0-375x600.jpg 375w, https:\/\/yavaitcachezmeme.fr\/wp-content\/uploads\/2023\/08\/19060915_AG_Ancien-college-de-Bernay_0-640x1024.jpg 640w, https:\/\/yavaitcachezmeme.fr\/wp-content\/uploads\/2023\/08\/19060915_AG_Ancien-college-de-Bernay_0-960x1536.jpg 960w, https:\/\/yavaitcachezmeme.fr\/wp-content\/uploads\/2023\/08\/19060915_AG_Ancien-college-de-Bernay_0.jpg 1181w\" sizes=\"auto, (max-width: 475px) 100vw, 475px\" \/><\/p>\n<p style=\"text-align: center;\">A. GARDIN \u2013 15 septembre 1906\u00a0 \u2013 <em>L&rsquo;ancien coll\u00e8ge<br \/>\nde Bernay par un ancien \u00e9l\u00e8ve du nouveau coll\u00e8ge<\/em><br \/>\nCliquer sur le lien ci-contre pour obtenir le document <a href=\"https:\/\/yavaitcachezmeme.fr\/wp-content\/uploads\/2023\/08\/19060915_AG_Ancien-college-de-Bernay.pdf\" target=\"_blank\" rel=\"noopener\">Ancien coll\u00e8ge de Bernay<\/a><\/p>\n<p style=\"text-align: center;\"><span style=\"color: #ff6600;\"><strong>~o~<\/strong><\/span><\/p>\n<p><span style=\"font-size: 120%;\"><span style=\"text-decoration: underline; color: #ff6600;\"><strong>Sylla LEFEVRE :<\/strong><\/span> (13-04-1875 \u2013 24-10-1933)<\/span><\/p>\n<p style=\"text-align: justify;\"><span style=\"font-size: 120%;\">Entrepositaire, conseiller g\u00e9n\u00e9ral de l&rsquo;Eure, adjoint au maire de Bernay, Sylla Anatole LEFEVRE est n\u00e9 le 13 avril 1875 au domicile de ses parents rue du Commerce (aujourd&rsquo;hui rue Thiers). C&rsquo;est le fils d&rsquo;Anatole LEFEVRE \u00e9picier et de Marie Louise AUMONT.<br \/>\nSes entrep\u00f4ts et son domicile sont situ\u00e9s au 19 rue de Morsan. Bless\u00e9 le 24 octobre 1933 dans l&rsquo;accident du train Paris Cherbourg au pont de Saint-Elier ; il d\u00e9c\u00e8de le m\u00eame jour \u00e0 l&rsquo;h\u00f4pital d&rsquo;Evreux des suites de ses blessures.<br \/>\nLa ville de Bernay reconnaissante, donnera son nom \u00e0 un boulevard et une place.<\/span><\/p>\n<p><img loading=\"lazy\" decoding=\"async\" class=\"aligncenter wp-image-10586\" src=\"https:\/\/yavaitcachezmeme.fr\/wp-content\/uploads\/2023\/08\/BERNAY_GL_501-600x406.jpg\" alt=\"\" width=\"820\" height=\"555\" srcset=\"https:\/\/yavaitcachezmeme.fr\/wp-content\/uploads\/2023\/08\/BERNAY_GL_501-600x406.jpg 600w, https:\/\/yavaitcachezmeme.fr\/wp-content\/uploads\/2023\/08\/BERNAY_GL_501-1024x693.jpg 1024w, https:\/\/yavaitcachezmeme.fr\/wp-content\/uploads\/2023\/08\/BERNAY_GL_501-1536x1039.jpg 1536w, https:\/\/yavaitcachezmeme.fr\/wp-content\/uploads\/2023\/08\/BERNAY_GL_501-2048x1385.jpg 2048w\" sizes=\"auto, (max-width: 820px) 100vw, 820px\" \/><\/p>\n<p style=\"text-align: center;\">Inauguration du monument \u00e0 la m\u00e9moire de Sylla LEFEVRE<\/p>\n<p><img loading=\"lazy\" decoding=\"async\" class=\"aligncenter wp-image-10581\" src=\"https:\/\/yavaitcachezmeme.fr\/wp-content\/uploads\/2023\/08\/1920_Nouveaux-noms-rues-Bernay_0-375x600.jpg\" alt=\"\" width=\"475\" height=\"760\" srcset=\"https:\/\/yavaitcachezmeme.fr\/wp-content\/uploads\/2023\/08\/1920_Nouveaux-noms-rues-Bernay_0-375x600.jpg 375w, https:\/\/yavaitcachezmeme.fr\/wp-content\/uploads\/2023\/08\/1920_Nouveaux-noms-rues-Bernay_0-640x1024.jpg 640w, https:\/\/yavaitcachezmeme.fr\/wp-content\/uploads\/2023\/08\/1920_Nouveaux-noms-rues-Bernay_0-960x1536.jpg 960w, https:\/\/yavaitcachezmeme.fr\/wp-content\/uploads\/2023\/08\/1920_Nouveaux-noms-rues-Bernay_0.jpg 1181w\" sizes=\"auto, (max-width: 475px) 100vw, 475px\" \/><\/p>\n<p style=\"text-align: center;\">S. LEFEVRE \u2013 1920\u00a0 \u2013 <em>Notice sur les nouveaux noms des rues de Bernay<\/em><br \/>\nCliquer sur le lien ci-contre pour obtenir le document <a href=\"https:\/\/yavaitcachezmeme.fr\/wp-content\/uploads\/2023\/08\/1920_Nouveaux-noms-rues-Bernay.pdf\" target=\"_blank\" rel=\"noopener\">Nouveaux noms rues Bernay<\/a><\/p>\n<p style=\"text-align: justify;\"><span style=\"font-size: 120%;\">La Rue du Coll\u00e8ge sera renomm\u00e9e Rue du Mar\u00e9chal Foch en 1920 puis Rue Gabriel Vall\u00e9e apr\u00e8s la seconde guerre mondiale. Les noms des autres rues de cette ouvrage restent inchang\u00e9s \u00e0 ce jour.<\/span><\/p>\n<p style=\"text-align: center;\"><span style=\"color: #ff6600;\"><strong>~o~<\/strong><\/span><\/p>\n<p><span style=\"font-size: 120%;\"><span style=\"text-decoration: underline; color: #ff6600;\"><strong>Fr\u00e9d\u00e9ric MALBRANCHE :<\/strong><\/span> (11-12-1819 \u2013 31-12-1903)<\/span><\/p>\n<p style=\"text-align: justify;\"><span style=\"font-size: 120%;\">Greffier au tribunal de commerce de Bernay, Fr\u00e9d\u00e9ric MALBRANCHE est n\u00e9 \u00e0 Bernay le 11 d\u00e9cembre 1819 au domicile de ses parents rue du Coll\u00e8ge (aujourd&rsquo;hui rue Gabriel Vall\u00e9e). C&rsquo;est le fils de Fran\u00e7ois MALBRANCHE marchand de toiles et de Catherine Modeste OURSEL. Il d\u00e9c\u00e8de le 31 d\u00e9cembre 1903 en son domicile, 19 rue de La Concorde \u00e0 Bernay.<\/span><\/p>\n<p><img loading=\"lazy\" decoding=\"async\" class=\"aligncenter wp-image-10493\" src=\"https:\/\/yavaitcachezmeme.fr\/wp-content\/uploads\/2023\/08\/1873_FM_INSURRECTION-MARS-1792_0-375x600.jpg\" alt=\"\" width=\"475\" height=\"760\" srcset=\"https:\/\/yavaitcachezmeme.fr\/wp-content\/uploads\/2023\/08\/1873_FM_INSURRECTION-MARS-1792_0-375x600.jpg 375w, https:\/\/yavaitcachezmeme.fr\/wp-content\/uploads\/2023\/08\/1873_FM_INSURRECTION-MARS-1792_0-640x1024.jpg 640w, https:\/\/yavaitcachezmeme.fr\/wp-content\/uploads\/2023\/08\/1873_FM_INSURRECTION-MARS-1792_0-960x1536.jpg 960w, https:\/\/yavaitcachezmeme.fr\/wp-content\/uploads\/2023\/08\/1873_FM_INSURRECTION-MARS-1792_0.jpg 1181w\" sizes=\"auto, (max-width: 475px) 100vw, 475px\" \/><\/p>\n<p style=\"text-align: center;\">F. MALBRANCHE \u2013 1873\u00a0 \u2013 <em>Bernay\u00a0 pendant l&rsquo;insurrection de mars 1792<\/em><br \/>\nCliquer sur le lien ci-contre pour obtenir le document <a href=\"https:\/\/yavaitcachezmeme.fr\/wp-content\/uploads\/2023\/08\/1873_FM_INSURRECTION-MARS-1792.pdf\" target=\"_blank\" rel=\"noopener\">Insurrection mars 1792<\/a><\/p>\n<p><img loading=\"lazy\" decoding=\"async\" class=\"aligncenter wp-image-10495\" src=\"https:\/\/yavaitcachezmeme.fr\/wp-content\/uploads\/2023\/08\/1884_FM_CAUSERIE-ENSEIGNES-VIEUX-BERNAY_0-384x600.jpg\" alt=\"\" width=\"475\" height=\"742\" srcset=\"https:\/\/yavaitcachezmeme.fr\/wp-content\/uploads\/2023\/08\/1884_FM_CAUSERIE-ENSEIGNES-VIEUX-BERNAY_0-384x600.jpg 384w, https:\/\/yavaitcachezmeme.fr\/wp-content\/uploads\/2023\/08\/1884_FM_CAUSERIE-ENSEIGNES-VIEUX-BERNAY_0-655x1024.jpg 655w, https:\/\/yavaitcachezmeme.fr\/wp-content\/uploads\/2023\/08\/1884_FM_CAUSERIE-ENSEIGNES-VIEUX-BERNAY_0-983x1536.jpg 983w, https:\/\/yavaitcachezmeme.fr\/wp-content\/uploads\/2023\/08\/1884_FM_CAUSERIE-ENSEIGNES-VIEUX-BERNAY_0.jpg 1260w\" sizes=\"auto, (max-width: 475px) 100vw, 475px\" \/><\/p>\n<p style=\"text-align: center;\">F. MALBRANCHE \u2013 1884\u00a0 \u2013 <em>Causerie \u00e0 propos de quelques<br \/>\nenseignes du vieux Bernay &#8211; <\/em>Exemplaire d\u00e9dicac\u00e9 \u00e0 M. LOTTIN DE LAVAL<br \/>\nCliquer sur le lien ci-contre pour obtenir le document <a href=\"https:\/\/yavaitcachezmeme.fr\/wp-content\/uploads\/2023\/08\/1884_FM_CAUSERIE-ENSEIGNES-VIEUX-BERNAY.pdf\" target=\"_blank\" rel=\"noopener\">Enseignes du Vieux Bernay<\/a><\/p>\n<p style=\"text-align: center;\"><span style=\"color: #ff6600;\"><strong>~o~<\/strong><\/span><\/p>\n<p><span style=\"font-size: 120%;\"><span style=\"text-decoration: underline; color: #ff6600;\"><strong>Henri M\u00c9AULLE\u00a0:<\/strong><\/span> ( \u2013 )<\/span><\/p>\n<p style=\"text-align: justify;\"><span style=\"font-size: 120%;\">Imprimeur et propri\u00e9taire du journal l&rsquo;Avenir de Bernay qui devient l&rsquo;\u00c9veil de Bernay apr\u00e8s la seconde guerre mondiale.<\/span><\/p>\n<p><img loading=\"lazy\" decoding=\"async\" class=\"aligncenter wp-image-12218\" src=\"https:\/\/yavaitcachezmeme.fr\/wp-content\/uploads\/2024\/10\/1949_Les-vieilles-maisons-de-Bernay_0-375x600.jpg\" alt=\"\" width=\"475\" height=\"760\" srcset=\"https:\/\/yavaitcachezmeme.fr\/wp-content\/uploads\/2024\/10\/1949_Les-vieilles-maisons-de-Bernay_0-375x600.jpg 375w, https:\/\/yavaitcachezmeme.fr\/wp-content\/uploads\/2024\/10\/1949_Les-vieilles-maisons-de-Bernay_0-640x1024.jpg 640w, https:\/\/yavaitcachezmeme.fr\/wp-content\/uploads\/2024\/10\/1949_Les-vieilles-maisons-de-Bernay_0-960x1536.jpg 960w, https:\/\/yavaitcachezmeme.fr\/wp-content\/uploads\/2024\/10\/1949_Les-vieilles-maisons-de-Bernay_0-1280x2048.jpg 1280w, https:\/\/yavaitcachezmeme.fr\/wp-content\/uploads\/2024\/10\/1949_Les-vieilles-maisons-de-Bernay_0-scaled.jpg 1600w\" sizes=\"auto, (max-width: 475px) 100vw, 475px\" \/><\/p>\n<p style=\"text-align: center;\">H. M\u00c9AULLE \u2013 1949\u00a0 \u2013 <em>Les Vieilles Maisons de Bernay<\/em><br \/>\nCliquer sur le lien ci-contre pour obtenir le document <a href=\"https:\/\/yavaitcachezmeme.fr\/wp-content\/uploads\/2024\/10\/1949_Les-vieilles-maisons-de-Bernay.pdf\" target=\"_blank\" rel=\"noopener\">Les Vieilles Maisons de Bernay<\/a><\/p>\n<p style=\"text-align: center;\"><span style=\"color: #ff6600;\"><strong>~o~<\/strong><\/span><\/p>\n<p><span style=\"font-size: 120%;\"><span style=\"text-decoration: underline; color: #ff6600;\"><strong>Chanoine POR\u00c9E :<\/strong><\/span> (14-03-1848 \u2013 28-02-1939)<\/span><\/p>\n<p style=\"text-align: justify;\"><span style=\"font-size: 120%;\">Chanoine, arch\u00e9ologue et historien, Andr\u00e9 Adolphe POR\u00c9E dit le Chanoine POR\u00c9E est n\u00e9 \u00e0 Bernay le 14 mars 1848 au domicile de ses parents rue des Manufactures (aujourd&rsquo;hui rue du Chanoine Por\u00e9e). C&rsquo;est le fils d&rsquo; Adolphe POR\u00c9E teinturier et de Marie Anne Augustine BAZIRE. Il d\u00e9c\u00e8de le 28 f\u00e9vrier 1939 \u00e0 St-Aubin-d&rsquo;Escroville.<\/span><\/p>\n<p><img loading=\"lazy\" decoding=\"async\" class=\"aligncenter wp-image-10382\" src=\"https:\/\/yavaitcachezmeme.fr\/wp-content\/uploads\/2023\/08\/1900_CP_Un-cas-de-fraude-Normande-en-1776_0-375x600.jpg\" alt=\"\" width=\"475\" height=\"760\" srcset=\"https:\/\/yavaitcachezmeme.fr\/wp-content\/uploads\/2023\/08\/1900_CP_Un-cas-de-fraude-Normande-en-1776_0-375x600.jpg 375w, https:\/\/yavaitcachezmeme.fr\/wp-content\/uploads\/2023\/08\/1900_CP_Un-cas-de-fraude-Normande-en-1776_0-640x1024.jpg 640w, https:\/\/yavaitcachezmeme.fr\/wp-content\/uploads\/2023\/08\/1900_CP_Un-cas-de-fraude-Normande-en-1776_0-960x1536.jpg 960w, https:\/\/yavaitcachezmeme.fr\/wp-content\/uploads\/2023\/08\/1900_CP_Un-cas-de-fraude-Normande-en-1776_0.jpg 1181w\" sizes=\"auto, (max-width: 475px) 100vw, 475px\" \/><\/p>\n<p style=\"text-align: center;\">Le Chanoine POR\u00c9E \u2013 1900\u00a0 \u2013 Un cas de fraude Normande en 1776<br \/>\nCliquer sur le lien ci-contre pour obtenir le document <a href=\"https:\/\/yavaitcachezmeme.fr\/wp-content\/uploads\/2023\/08\/1900_CP_Un-cas-de-fraude-Normande-en-1776.pdf\" target=\"_blank\" rel=\"noopener\">Un cas de fraude Normande en 1776<\/a><\/p>\n<p style=\"text-align: center;\"><span style=\"color: #ff6600;\"><strong>~o~<\/strong><\/span><\/p>\n<p><span style=\"font-size: 120%;\"><span style=\"text-decoration: underline; color: #ff6600;\"><strong>RAGUENET Antonin :<\/strong><\/span> (1839 \u2013 1920)<\/span><\/p>\n<p style=\"text-align: justify;\"><span style=\"font-size: 120%;\">Antonin RAGUENET est un architecte parisien auteur de nombreux recueils dont celui ci-dessous sur Notre-Dame de La Couture.<\/span><\/p>\n<p><img loading=\"lazy\" decoding=\"async\" class=\"aligncenter wp-image-12592\" src=\"https:\/\/yavaitcachezmeme.fr\/wp-content\/uploads\/2024\/12\/Etude-architecture-ND-de-La-Couture_1-400x600.jpg\" alt=\"\" width=\"475\" height=\"713\" srcset=\"https:\/\/yavaitcachezmeme.fr\/wp-content\/uploads\/2024\/12\/Etude-architecture-ND-de-La-Couture_1-400x600.jpg 400w, https:\/\/yavaitcachezmeme.fr\/wp-content\/uploads\/2024\/12\/Etude-architecture-ND-de-La-Couture_1-682x1024.jpg 682w, https:\/\/yavaitcachezmeme.fr\/wp-content\/uploads\/2024\/12\/Etude-architecture-ND-de-La-Couture_1-1024x1536.jpg 1024w, https:\/\/yavaitcachezmeme.fr\/wp-content\/uploads\/2024\/12\/Etude-architecture-ND-de-La-Couture_1-1365x2048.jpg 1365w, https:\/\/yavaitcachezmeme.fr\/wp-content\/uploads\/2024\/12\/Etude-architecture-ND-de-La-Couture_1-scaled.jpg 1706w\" sizes=\"auto, (max-width: 475px) 100vw, 475px\" \/><\/p>\n<p style=\"text-align: center;\">Antonin RAGUENET\u00a0 \u2013 Petits \u00e9difices historiques<br \/>\nCliquer sur le lien ci-contre pour obtenir le document <a href=\"https:\/\/yavaitcachezmeme.fr\/wp-content\/uploads\/2024\/12\/Etude-architecture-ND-de-La-Couture.pdf\" target=\"_blank\" rel=\"noopener\">Notre Dame de La Couture<\/a><\/p>\n<p style=\"text-align: center;\"><span style=\"color: #ff6600;\"><strong>~o~<\/strong><\/span><\/p>\n<p><span style=\"font-size: 14pt;\"><span style=\"text-decoration: underline; color: #ff6600;\"><strong>Ernest Victor VEUCLIN :<\/strong><\/span> (01-06-1846 \u2013 07-01-1914)<\/span><\/p>\n<p style=\"text-align: justify;\"><span style=\"font-size: 120%;\">Imprimeur et \u00e9diteur, Ernest Victor VEUCLIN est n\u00e9 \u00e0 Verneusses (Eure) le 1er juin 1846 au domicile de ses parents. C&rsquo;est le fils d&rsquo;Isidore VEUCLIN cordonnier et de Marie Aspasie MORRIERE. Il d\u00e9c\u00e8de le 7 janvier 1914 en son domicile, 4 rue Saint Thomas \u00e0 Evreux.<\/span><\/p>\n<p><img loading=\"lazy\" decoding=\"async\" class=\"aligncenter wp-image-10371\" src=\"https:\/\/yavaitcachezmeme.fr\/wp-content\/uploads\/2023\/08\/18861102_EV-V_HOTELLERIES-ET-CABARETS_0-375x600.jpg\" alt=\"\" width=\"475\" height=\"760\" srcset=\"https:\/\/yavaitcachezmeme.fr\/wp-content\/uploads\/2023\/08\/18861102_EV-V_HOTELLERIES-ET-CABARETS_0-375x600.jpg 375w, https:\/\/yavaitcachezmeme.fr\/wp-content\/uploads\/2023\/08\/18861102_EV-V_HOTELLERIES-ET-CABARETS_0-640x1024.jpg 640w, https:\/\/yavaitcachezmeme.fr\/wp-content\/uploads\/2023\/08\/18861102_EV-V_HOTELLERIES-ET-CABARETS_0-960x1536.jpg 960w, https:\/\/yavaitcachezmeme.fr\/wp-content\/uploads\/2023\/08\/18861102_EV-V_HOTELLERIES-ET-CABARETS_0.jpg 1181w\" sizes=\"auto, (max-width: 475px) 100vw, 475px\" \/><\/p>\n<p style=\"text-align: center;\">E-V VEUCLIN \u2013 2 novembre 1886\u00a0 \u2013 <em>Les H\u00f4telleries et<br \/>\nCabarets de la Ville de Bernay du XVI\u00e8 au XVIII\u00e8 si\u00e8cle<\/em><br \/>\nCliquer sur le lien ci-contre pour obtenir le document <a href=\"https:\/\/yavaitcachezmeme.fr\/wp-content\/uploads\/2023\/08\/18861102_EV-V_HOTELLERIES-ET-CABARETS.pdf\" target=\"_blank\" rel=\"noopener\">Les H\u00f4telleries et Cabarets<\/a><\/p>\n<p><img loading=\"lazy\" decoding=\"async\" class=\"aligncenter wp-image-10519\" src=\"https:\/\/yavaitcachezmeme.fr\/wp-content\/uploads\/2023\/08\/1887_Falots-des-rois-feux-de-joie-et-carnaval_00-382x600.jpg\" alt=\"\" width=\"475\" height=\"747\" srcset=\"https:\/\/yavaitcachezmeme.fr\/wp-content\/uploads\/2023\/08\/1887_Falots-des-rois-feux-de-joie-et-carnaval_00-382x600.jpg 382w, https:\/\/yavaitcachezmeme.fr\/wp-content\/uploads\/2023\/08\/1887_Falots-des-rois-feux-de-joie-et-carnaval_00-652x1024.jpg 652w, https:\/\/yavaitcachezmeme.fr\/wp-content\/uploads\/2023\/08\/1887_Falots-des-rois-feux-de-joie-et-carnaval_00-977x1536.jpg 977w, https:\/\/yavaitcachezmeme.fr\/wp-content\/uploads\/2023\/08\/1887_Falots-des-rois-feux-de-joie-et-carnaval_00.jpg 1102w\" sizes=\"auto, (max-width: 475px) 100vw, 475px\" \/><\/p>\n<p style=\"text-align: center;\">E-V VEUCLIN \u2013 1887\u00a0 \u2013 <em>Les Falots des Rois, Feux<br \/>\nde Joie et Carnaval dans la Ville de Bernay au XVIII\u00e8 si\u00e8cle<\/em><br \/>\nCliquer sur le lien ci-contre pour obtenir le document <a href=\"https:\/\/yavaitcachezmeme.fr\/wp-content\/uploads\/2023\/08\/1887_Falots-des-rois-feux-de-joie-et-carnaval.pdf\" target=\"_blank\" rel=\"noopener\">Falots des rois feux de joie et carnaval<\/a><\/p>\n<p><img loading=\"lazy\" decoding=\"async\" class=\"aligncenter wp-image-10529\" src=\"https:\/\/yavaitcachezmeme.fr\/wp-content\/uploads\/2023\/08\/1887_Statuts-des-toiliers-de-Bernay_0-375x600.jpg\" alt=\"\" width=\"475\" height=\"760\" srcset=\"https:\/\/yavaitcachezmeme.fr\/wp-content\/uploads\/2023\/08\/1887_Statuts-des-toiliers-de-Bernay_0-375x600.jpg 375w, https:\/\/yavaitcachezmeme.fr\/wp-content\/uploads\/2023\/08\/1887_Statuts-des-toiliers-de-Bernay_0-640x1024.jpg 640w, https:\/\/yavaitcachezmeme.fr\/wp-content\/uploads\/2023\/08\/1887_Statuts-des-toiliers-de-Bernay_0-960x1536.jpg 960w, https:\/\/yavaitcachezmeme.fr\/wp-content\/uploads\/2023\/08\/1887_Statuts-des-toiliers-de-Bernay_0.jpg 1181w\" sizes=\"auto, (max-width: 475px) 100vw, 475px\" \/><\/p>\n<p style=\"text-align: center;\">V-E VEUCLIN \u2013 1887\u00a0 \u2013 <em>Les statuts des toiliers de Bernay<\/em><br \/>\nCliquer sur le lien ci-contre pour obtenir le document <a href=\"https:\/\/yavaitcachezmeme.fr\/wp-content\/uploads\/2023\/08\/1887_Statuts-des-toiliers-de-Bernay.pdf\" target=\"_blank\" rel=\"noopener\">Statuts des toiliers de Bernay<\/a><\/p>\n<p><img loading=\"lazy\" decoding=\"async\" class=\"aligncenter wp-image-10386\" src=\"https:\/\/yavaitcachezmeme.fr\/wp-content\/uploads\/2023\/08\/1888_VE_VEUCLIN_Feux-St-Jean-et-St-Pierre_0-375x600.jpg\" alt=\"\" width=\"475\" height=\"760\" srcset=\"https:\/\/yavaitcachezmeme.fr\/wp-content\/uploads\/2023\/08\/1888_VE_VEUCLIN_Feux-St-Jean-et-St-Pierre_0-375x600.jpg 375w, https:\/\/yavaitcachezmeme.fr\/wp-content\/uploads\/2023\/08\/1888_VE_VEUCLIN_Feux-St-Jean-et-St-Pierre_0-640x1024.jpg 640w, https:\/\/yavaitcachezmeme.fr\/wp-content\/uploads\/2023\/08\/1888_VE_VEUCLIN_Feux-St-Jean-et-St-Pierre_0-960x1536.jpg 960w, https:\/\/yavaitcachezmeme.fr\/wp-content\/uploads\/2023\/08\/1888_VE_VEUCLIN_Feux-St-Jean-et-St-Pierre_0.jpg 1181w\" sizes=\"auto, (max-width: 475px) 100vw, 475px\" \/><\/p>\n<p style=\"text-align: center;\">V-E VEUCLIN \u2013 1888\u00a0 \u2013 <em>Les feux de la Saint Jean<br \/>\net de la Saint Pierre dans la Ville de Bernay<\/em><br \/>\nCliquer sur le lien ci-contre pour obtenir le document <a href=\"https:\/\/yavaitcachezmeme.fr\/wp-content\/uploads\/2023\/08\/1888_VE_VEUCLIN_Feux-St-Jean-et-St-Pierre.pdf\" target=\"_blank\" rel=\"noopener\">Les feux St Jean et St Pierre<\/a><\/p>\n<p><img loading=\"lazy\" decoding=\"async\" class=\"aligncenter wp-image-10377\" src=\"https:\/\/yavaitcachezmeme.fr\/wp-content\/uploads\/2023\/08\/1889_VE_AGRICULTURE-1787-PAYS-DOUCHE_0-375x600.jpg\" alt=\"\" width=\"475\" height=\"760\" srcset=\"https:\/\/yavaitcachezmeme.fr\/wp-content\/uploads\/2023\/08\/1889_VE_AGRICULTURE-1787-PAYS-DOUCHE_0-375x600.jpg 375w, https:\/\/yavaitcachezmeme.fr\/wp-content\/uploads\/2023\/08\/1889_VE_AGRICULTURE-1787-PAYS-DOUCHE_0-640x1024.jpg 640w, https:\/\/yavaitcachezmeme.fr\/wp-content\/uploads\/2023\/08\/1889_VE_AGRICULTURE-1787-PAYS-DOUCHE_0-960x1536.jpg 960w, https:\/\/yavaitcachezmeme.fr\/wp-content\/uploads\/2023\/08\/1889_VE_AGRICULTURE-1787-PAYS-DOUCHE_0.jpg 1181w\" sizes=\"auto, (max-width: 475px) 100vw, 475px\" \/><\/p>\n<p style=\"text-align: center;\">V-E VEUCLIN \u2013 1889\u00a0 \u2013 <em>L&rsquo; Agriculture en 1787 dans le Pays d&rsquo;Ouche<\/em><br \/>\nCliquer sur le lien ci-contre pour obtenir le document <a href=\"https:\/\/yavaitcachezmeme.fr\/wp-content\/uploads\/2023\/08\/1889_VE_AGRICULTURE-1787-PAYS-DOUCHE.pdf\" target=\"_blank\" rel=\"noopener\">L&rsquo; Agriculture en 1787<\/a><\/p>\n<p style=\"text-align: center;\"><img loading=\"lazy\" decoding=\"async\" class=\"alignnone wp-image-12436\" src=\"https:\/\/yavaitcachezmeme.fr\/wp-content\/uploads\/2024\/11\/C-de-L-600x287.png\" alt=\"\" width=\"100\" height=\"48\" srcset=\"https:\/\/yavaitcachezmeme.fr\/wp-content\/uploads\/2024\/11\/C-de-L-600x287.png 600w, https:\/\/yavaitcachezmeme.fr\/wp-content\/uploads\/2024\/11\/C-de-L.png 895w\" sizes=\"auto, (max-width: 100px) 100vw, 100px\" \/><\/p>\n<p style=\"text-align: justify;\"><span style=\"font-size: 120%;\">Les th\u00e8mes de la rubrique <span style=\"color: #ff6600;\"><strong>BERNAY<\/strong><\/span> sont \u00e0 visiter en cliquant sur les liens suivants :<\/span><\/p>\n<p style=\"text-align: justify;\"><span style=\"font-size: 120%;\"><strong><a href=\"https:\/\/yavaitcachezmeme.fr\/index.php\/bernay\/arts\/\">Arts<\/a> &#8211; <a href=\"https:\/\/yavaitcachezmeme.fr\/index.php\/bernay\/cabinet-de-lecture\/\">Cabinet de lecture<\/a> &#8211; <a href=\"https:\/\/yavaitcachezmeme.fr\/index.php\/bernay\/les-annees-50-70\/\">Les ann\u00e9es 50-70<\/a>\u00a0 &#8211; \u00a0<a href=\"http:\/\/yavaitcachezmeme.fr\/index.php\/bernay\/edifices-et-monuments\/\">\u00c9difices &amp; monuments<\/a>\u00a0 &#8211; \u00a0<a href=\"http:\/\/yavaitcachezmeme.fr\/index.php\/bernay\/folklore-theatre\/\">Folklore et th\u00e9\u00e2tre<\/a>\u00a0 &#8211; \u00a0<a href=\"http:\/\/yavaitcachezmeme.fr\/index.php\/bernay\/les-hameaux\/\">Les Hameaux<\/a>\u00a0 &#8211; \u00a0<a href=\"http:\/\/yavaitcachezmeme.fr\/index.php\/bernay\/hippodrome\/\">L&rsquo;hippodrome<\/a>\u00a0 &#8211; <a href=\"https:\/\/yavaitcachezmeme.fr\/index.php\/bernay\/histoire-ferroviaire\/\">Histoire ferroviaire<\/a> &#8211;\u00a0 <a href=\"http:\/\/yavaitcachezmeme.fr\/index.php\/bernay\/jardins-et-rivieres\/\">Jardins &amp; rivi\u00e8res<\/a>\u00a0 &#8211; \u00a0<a href=\"http:\/\/yavaitcachezmeme.fr\/index.php\/bernay\/publicites\/\">Publicit\u00e9s<\/a>\u00a0 &#8211; <a href=\"https:\/\/yavaitcachezmeme.fr\/index.php\/bernay\/sport\/\">Sport<\/a> &#8211; <a href=\"http:\/\/yavaitcachezmeme.fr\/index.php\/bernay\/vie-militaire\/\">Vie militaire<\/a>\u00a0 &#8211; \u00a0<a href=\"http:\/\/yavaitcachezmeme.fr\/index.php\/bernay\/vieux-papiers\/\">Vieux papiers<\/a> &#8211; <a href=\"http:\/\/yavaitcachezmeme.fr\/index.php\/bernay\/vues-aeriennes\/\">Vues a\u00e9riennes<\/a>\u00a0<\/strong><\/span><\/p>\n<p style=\"text-align: center;\"><a href=\"https:\/\/yavaitcachezmeme.fr\/\"><img loading=\"lazy\" decoding=\"async\" class=\"aligncenter wp-image-5243\" src=\"https:\/\/yavaitcachezmeme.fr\/wp-content\/uploads\/2024\/11\/Marque-b.png\" alt=\"\" width=\"25\" height=\"43\" \/><\/a><\/p>\n<\/div>\n","protected":false},"excerpt":{"rendered":"<p>Le cabinet de lecture pr\u00e9sente de petites \u00e9tudes ayant pour th\u00e8me l&rsquo;histoire de Bernay et de ses alentours. Les auteurs sont principalement des&#8230;<\/p>\n","protected":false},"author":1,"featured_media":0,"parent":93,"menu_order":10,"comment_status":"closed","ping_status":"closed","template":"","meta":{"footnotes":""},"class_list":["post-10354","page","type-page","status-publish","hentry"],"_links":{"self":[{"href":"https:\/\/yavaitcachezmeme.fr\/index.php\/wp-json\/wp\/v2\/pages\/10354","targetHints":{"allow":["GET"]}}],"collection":[{"href":"https:\/\/yavaitcachezmeme.fr\/index.php\/wp-json\/wp\/v2\/pages"}],"about":[{"href":"https:\/\/yavaitcachezmeme.fr\/index.php\/wp-json\/wp\/v2\/types\/page"}],"author":[{"embeddable":true,"href":"https:\/\/yavaitcachezmeme.fr\/index.php\/wp-json\/wp\/v2\/users\/1"}],"replies":[{"embeddable":true,"href":"https:\/\/yavaitcachezmeme.fr\/index.php\/wp-json\/wp\/v2\/comments?post=10354"}],"version-history":[{"count":69,"href":"https:\/\/yavaitcachezmeme.fr\/index.php\/wp-json\/wp\/v2\/pages\/10354\/revisions"}],"predecessor-version":[{"id":13239,"href":"https:\/\/yavaitcachezmeme.fr\/index.php\/wp-json\/wp\/v2\/pages\/10354\/revisions\/13239"}],"up":[{"embeddable":true,"href":"https:\/\/yavaitcachezmeme.fr\/index.php\/wp-json\/wp\/v2\/pages\/93"}],"wp:attachment":[{"href":"https:\/\/yavaitcachezmeme.fr\/index.php\/wp-json\/wp\/v2\/media?parent=10354"}],"curies":[{"name":"wp","href":"https:\/\/api.w.org\/{rel}","templated":true}]}}