{"id":1051,"date":"2016-02-20T07:55:50","date_gmt":"2016-02-20T06:55:50","guid":{"rendered":"http:\/\/yavaitcachezmeme.fr\/?page_id=1051"},"modified":"2026-08-23T04:54:37","modified_gmt":"2026-08-23T03:54:37","slug":"place-de-verdun","status":"publish","type":"page","link":"https:\/\/yavaitcachezmeme.fr\/index.php\/bernay-rues-places\/place-de-verdun\/","title":{"rendered":"Place de Verdun"},"content":{"rendered":"<div style=\"font-size: 120%; font-family: georgia;\">\n<p style=\"text-align: justify;\">La <span style=\"color: #ff6600;\"><strong>place de Verdun<\/strong><\/span>, c&rsquo;est le carrefour du boulevard Dubus avec les rues du G\u00e9n\u00e9ral de Gaulle, Maurice Lemoing et Kl\u00e9ber Mercier. C&rsquo;est l&rsquo;ancienne place du March\u00e9 aux Chevaux.<br \/>\nLa fontaine a \u00e9t\u00e9 d\u00e9plac\u00e9e plusieurs fois et notamment lors de la cr\u00e9ation du pont de la rue Orderic Vital.<\/p>\n<p style=\"text-align: center;\"><span style=\"color: #ff6600;\"><strong>~o~<\/strong><\/span><\/p>\n<p><img loading=\"lazy\" decoding=\"async\" class=\"aligncenter wp-image-1088\" src=\"http:\/\/yavaitcachezmeme.fr\/wp-content\/uploads\/2016\/02\/BERNAY_H_0725.jpg\" alt=\"\" width=\"820\" height=\"534\" srcset=\"https:\/\/yavaitcachezmeme.fr\/wp-content\/uploads\/2016\/02\/BERNAY_H_0725.jpg 814w, https:\/\/yavaitcachezmeme.fr\/wp-content\/uploads\/2016\/02\/BERNAY_H_0725-600x391.jpg 600w\" sizes=\"auto, (max-width: 820px) 100vw, 820px\" \/><\/p>\n<p style=\"text-align: center;\">A droite, la rue Kleber Mecier<\/p>\n<p><img loading=\"lazy\" decoding=\"async\" class=\"aligncenter wp-image-3657\" src=\"http:\/\/yavaitcachezmeme.fr\/wp-content\/uploads\/2018\/04\/BERNAY_H_1021_fb.jpg\" alt=\"\" width=\"820\" height=\"525\" srcset=\"https:\/\/yavaitcachezmeme.fr\/wp-content\/uploads\/2018\/04\/BERNAY_H_1021_fb.jpg 816w, https:\/\/yavaitcachezmeme.fr\/wp-content\/uploads\/2018\/04\/BERNAY_H_1021_fb-600x384.jpg 600w\" sizes=\"auto, (max-width: 820px) 100vw, 820px\" \/><\/p>\n<p style=\"text-align: center;\">D\u00e9fil\u00e9 du 17\u00e8me casern\u00e9 \u00e0 Bernay<\/p>\n<p><img loading=\"lazy\" decoding=\"async\" class=\"aligncenter wp-image-1086\" src=\"http:\/\/yavaitcachezmeme.fr\/wp-content\/uploads\/2016\/02\/BERNAY_H_0153.jpg\" alt=\"\" width=\"820\" height=\"554\" srcset=\"https:\/\/yavaitcachezmeme.fr\/wp-content\/uploads\/2016\/02\/BERNAY_H_0153.jpg 779w, https:\/\/yavaitcachezmeme.fr\/wp-content\/uploads\/2016\/02\/BERNAY_H_0153-600x405.jpg 600w\" sizes=\"auto, (max-width: 820px) 100vw, 820px\" \/><\/p>\n<p style=\"text-align: center;\">March\u00e9 aux bestiaux<\/p>\n<p><img loading=\"lazy\" decoding=\"async\" class=\"aligncenter wp-image-1087\" src=\"http:\/\/yavaitcachezmeme.fr\/wp-content\/uploads\/2016\/02\/BERNAY_H_0154.jpg\" alt=\"\" width=\"820\" height=\"535\" srcset=\"https:\/\/yavaitcachezmeme.fr\/wp-content\/uploads\/2016\/02\/BERNAY_H_0154.jpg 814w, https:\/\/yavaitcachezmeme.fr\/wp-content\/uploads\/2016\/02\/BERNAY_H_0154-600x391.jpg 600w\" sizes=\"auto, (max-width: 820px) 100vw, 820px\" \/><\/p>\n<p style=\"text-align: center;\">Le caf\u00e9 \u00e0 droite, c&rsquo;est aujourd&rsquo;hui un institue de beaut\u00e9<\/p>\n<p><img loading=\"lazy\" decoding=\"async\" class=\"aligncenter wp-image-1085\" src=\"http:\/\/yavaitcachezmeme.fr\/wp-content\/uploads\/2016\/02\/BERNAY_H_0152.jpg\" alt=\"\" width=\"820\" height=\"528\" srcset=\"https:\/\/yavaitcachezmeme.fr\/wp-content\/uploads\/2016\/02\/BERNAY_H_0152.jpg 819w, https:\/\/yavaitcachezmeme.fr\/wp-content\/uploads\/2016\/02\/BERNAY_H_0152-600x386.jpg 600w\" sizes=\"auto, (max-width: 820px) 100vw, 820px\" \/><\/p>\n<p style=\"text-align: center;\">Un march\u00e9 tr\u00e8s masculin<\/p>\n<p><a href=\"https:\/\/www.google.fr\/maps\/@49.087177,0.5933693,3a,75y,273.41h,97.43t\/data=!3m7!1e1!3m5!1sBAjxhNhYifna4Er15FOvPA!2e0!6shttps:%2F%2Fstreetviewpixels-pa.googleapis.com%2Fv1%2Fthumbnail%3Fcb_client%3Dmaps_sv.tactile%26w%3D900%26h%3D600%26pitch%3D-7.433480736358405%26panoid%3DBAjxhNhYifna4Er15FOvPA%26yaw%3D273.4071297629746!7i16384!8i8192?entry=ttu&amp;g_ep=EgoyMDI2MDgxOS4wIKXMDSoASAFQAw%3D%3D\" target=\"_blank\" rel=\"noopener\"><img loading=\"lazy\" decoding=\"async\" class=\"aligncenter wp-image-12987\" src=\"https:\/\/yavaitcachezmeme.fr\/wp-content\/uploads\/2025\/05\/Point.png\" alt=\"\" width=\"21\" height=\"30\" \/><\/a><\/p>\n<p><img loading=\"lazy\" decoding=\"async\" class=\"aligncenter wp-image-1084\" src=\"http:\/\/yavaitcachezmeme.fr\/wp-content\/uploads\/2016\/02\/BERNAY_H_0151.jpg\" alt=\"\" width=\"820\" height=\"526\" srcset=\"https:\/\/yavaitcachezmeme.fr\/wp-content\/uploads\/2016\/02\/BERNAY_H_0151.jpg 826w, https:\/\/yavaitcachezmeme.fr\/wp-content\/uploads\/2016\/02\/BERNAY_H_0151-600x385.jpg 600w\" sizes=\"auto, (max-width: 820px) 100vw, 820px\" \/><\/p>\n<p style=\"text-align: center;\">En Normandie, les vaches sont de race Normande<\/p>\n<p><img loading=\"lazy\" decoding=\"async\" class=\"aligncenter wp-image-1083 size-full\" src=\"https:\/\/yavaitcachezmeme.fr\/wp-content\/uploads\/2016\/02\/BERNAY_H_0150.jpg\" alt=\"\" width=\"820\" height=\"527\" srcset=\"https:\/\/yavaitcachezmeme.fr\/wp-content\/uploads\/2016\/02\/BERNAY_H_0150.jpg 820w, https:\/\/yavaitcachezmeme.fr\/wp-content\/uploads\/2016\/02\/BERNAY_H_0150-600x386.jpg 600w\" sizes=\"auto, (max-width: 820px) 100vw, 820px\" \/><\/p>\n<p style=\"text-align: center;\">Un veau s&rsquo;abreuve \u00e0 la fontaine<\/p>\n<p><img loading=\"lazy\" decoding=\"async\" class=\"aligncenter wp-image-1082\" src=\"http:\/\/yavaitcachezmeme.fr\/wp-content\/uploads\/2016\/02\/BERNAY_H_0149.jpg\" alt=\"\" width=\"820\" height=\"525\" srcset=\"https:\/\/yavaitcachezmeme.fr\/wp-content\/uploads\/2016\/02\/BERNAY_H_0149.jpg 811w, https:\/\/yavaitcachezmeme.fr\/wp-content\/uploads\/2016\/02\/BERNAY_H_0149-600x384.jpg 600w\" sizes=\"auto, (max-width: 820px) 100vw, 820px\" \/><\/p>\n<p style=\"text-align: center;\">Les maquignons \u00e9changent<\/p>\n<p><img loading=\"lazy\" decoding=\"async\" class=\"aligncenter wp-image-4698\" src=\"http:\/\/yavaitcachezmeme.fr\/wp-content\/uploads\/2019\/11\/BERNAY_H_1081.jpg\" alt=\"\" width=\"820\" height=\"528\" srcset=\"https:\/\/yavaitcachezmeme.fr\/wp-content\/uploads\/2019\/11\/BERNAY_H_1081.jpg 807w, https:\/\/yavaitcachezmeme.fr\/wp-content\/uploads\/2019\/11\/BERNAY_H_1081-600x387.jpg 600w\" sizes=\"auto, (max-width: 820px) 100vw, 820px\" \/><\/p>\n<p style=\"text-align: center;\">Des b\u00eates qui se demandent bien ce qu&rsquo;elles font l\u00e0<\/p>\n<p><img loading=\"lazy\" decoding=\"async\" class=\"aligncenter wp-image-1089\" src=\"http:\/\/yavaitcachezmeme.fr\/wp-content\/uploads\/2016\/02\/BERNAY_H_0764.jpg\" alt=\"\" width=\"820\" height=\"516\" srcset=\"https:\/\/yavaitcachezmeme.fr\/wp-content\/uploads\/2016\/02\/BERNAY_H_0764.jpg 831w, https:\/\/yavaitcachezmeme.fr\/wp-content\/uploads\/2016\/02\/BERNAY_H_0764-600x378.jpg 600w, https:\/\/yavaitcachezmeme.fr\/wp-content\/uploads\/2016\/02\/BERNAY_H_0764-542x340.jpg 542w\" sizes=\"auto, (max-width: 820px) 100vw, 820px\" \/><\/p>\n<p style=\"text-align: center;\">On aper\u00e7oit derri\u00e8re la fontaine la Villa des B\u00e9gonias<\/p>\n<p><img loading=\"lazy\" decoding=\"async\" class=\"aligncenter wp-image-4045\" src=\"http:\/\/yavaitcachezmeme.fr\/wp-content\/uploads\/2018\/06\/BERNAY_H_0160.jpg\" alt=\"\" width=\"820\" height=\"526\" srcset=\"https:\/\/yavaitcachezmeme.fr\/wp-content\/uploads\/2018\/06\/BERNAY_H_0160.jpg 813w, https:\/\/yavaitcachezmeme.fr\/wp-content\/uploads\/2018\/06\/BERNAY_H_0160-600x385.jpg 600w\" sizes=\"auto, (max-width: 820px) 100vw, 820px\" \/><\/p>\n<p style=\"text-align: center;\">Maison de Georges Goyau \u00e9crivain &#8211; Cette maison a \u00e9t\u00e9 d\u00e9truite<\/p>\n<p><img loading=\"lazy\" decoding=\"async\" class=\"aligncenter wp-image-1091\" src=\"http:\/\/yavaitcachezmeme.fr\/wp-content\/uploads\/2016\/02\/BERNAY_H_0811.jpg\" alt=\"\" width=\"820\" height=\"519\" srcset=\"https:\/\/yavaitcachezmeme.fr\/wp-content\/uploads\/2016\/02\/BERNAY_H_0811.jpg 833w, https:\/\/yavaitcachezmeme.fr\/wp-content\/uploads\/2016\/02\/BERNAY_H_0811-600x380.jpg 600w\" sizes=\"auto, (max-width: 820px) 100vw, 820px\" \/><\/p>\n<p style=\"text-align: center;\">Au fond, le caf\u00e9 de la Martinique aujourd&rsquo;hui d\u00e9truit<\/p>\n<p><img loading=\"lazy\" decoding=\"async\" class=\"aligncenter wp-image-4046 size-full\" src=\"https:\/\/yavaitcachezmeme.fr\/wp-content\/uploads\/2018\/06\/BERNAY_H_0164.jpg\" alt=\"\" width=\"820\" height=\"535\" srcset=\"https:\/\/yavaitcachezmeme.fr\/wp-content\/uploads\/2018\/06\/BERNAY_H_0164.jpg 820w, https:\/\/yavaitcachezmeme.fr\/wp-content\/uploads\/2018\/06\/BERNAY_H_0164-600x391.jpg 600w\" sizes=\"auto, (max-width: 820px) 100vw, 820px\" \/><\/p>\n<p style=\"text-align: center;\">Rue Kleber Mercier (2) \u00e0 l&rsquo;angle de la rue de la D\u00e9fense &#8211; Cet ensemble a \u00e9t\u00e9 d\u00e9truit<\/p>\n<p><img loading=\"lazy\" decoding=\"async\" class=\"aligncenter wp-image-1077\" src=\"http:\/\/yavaitcachezmeme.fr\/wp-content\/uploads\/2016\/02\/BERNAY_H_0139.jpg\" alt=\"\" width=\"820\" height=\"529\" srcset=\"https:\/\/yavaitcachezmeme.fr\/wp-content\/uploads\/2016\/02\/BERNAY_H_0139.jpg 824w, https:\/\/yavaitcachezmeme.fr\/wp-content\/uploads\/2016\/02\/BERNAY_H_0139-600x387.jpg 600w\" sizes=\"auto, (max-width: 820px) 100vw, 820px\" \/><\/p>\n<p style=\"text-align: center;\">La place servira aussi de parc de stationnement<\/p>\n<p><img loading=\"lazy\" decoding=\"async\" class=\"aligncenter wp-image-1081\" src=\"http:\/\/yavaitcachezmeme.fr\/wp-content\/uploads\/2016\/02\/BERNAY_H_0145.jpg\" alt=\"\" width=\"820\" height=\"527\" srcset=\"https:\/\/yavaitcachezmeme.fr\/wp-content\/uploads\/2016\/02\/BERNAY_H_0145.jpg 826w, https:\/\/yavaitcachezmeme.fr\/wp-content\/uploads\/2016\/02\/BERNAY_H_0145-600x386.jpg 600w\" sizes=\"auto, (max-width: 820px) 100vw, 820px\" \/><\/p>\n<p style=\"text-align: center;\">Vue sur le boulevard Dubus<\/p>\n<p><a href=\"https:\/\/www.google.fr\/maps\/@49.0871147,0.5927298,3a,75y,65.45h,86.85t\/data=!3m7!1e1!3m5!1s_I5TaPK5lNjSkTDrytdKUg!2e0!6shttps:%2F%2Fstreetviewpixels-pa.googleapis.com%2Fv1%2Fthumbnail%3Fcb_client%3Dmaps_sv.tactile%26w%3D900%26h%3D600%26pitch%3D3.1534467157000705%26panoid%3D_I5TaPK5lNjSkTDrytdKUg%26yaw%3D65.45118721204031!7i16384!8i8192?entry=ttu&amp;g_ep=EgoyMDI2MDgxOS4wIKXMDSoASAFQAw%3D%3D\" target=\"_blank\" rel=\"noopener\"><img loading=\"lazy\" decoding=\"async\" class=\"aligncenter wp-image-12987\" src=\"https:\/\/yavaitcachezmeme.fr\/wp-content\/uploads\/2025\/05\/Point.png\" alt=\"\" width=\"21\" height=\"30\" \/><\/a><\/p>\n<p><img loading=\"lazy\" decoding=\"async\" class=\"aligncenter wp-image-1080\" src=\"http:\/\/yavaitcachezmeme.fr\/wp-content\/uploads\/2016\/02\/BERNAY_H_0144.jpg\" alt=\"\" width=\"820\" height=\"522\" srcset=\"https:\/\/yavaitcachezmeme.fr\/wp-content\/uploads\/2016\/02\/BERNAY_H_0144.jpg 823w, https:\/\/yavaitcachezmeme.fr\/wp-content\/uploads\/2016\/02\/BERNAY_H_0144-600x382.jpg 600w\" sizes=\"auto, (max-width: 820px) 100vw, 820px\" \/><\/p>\n<p style=\"text-align: center;\">Le pont sur la voie ferr\u00e9e n&rsquo;est pas encore construit, en arri\u00e8re<br \/>\nplan \u00e0 droite l&rsquo;ancienne gendarmerie de la rue Bernard Gombert<\/p>\n<p><img loading=\"lazy\" decoding=\"async\" class=\"aligncenter wp-image-1079\" src=\"http:\/\/yavaitcachezmeme.fr\/wp-content\/uploads\/2016\/02\/BERNAY_H_0143.jpg\" alt=\"\" width=\"820\" height=\"538\" srcset=\"https:\/\/yavaitcachezmeme.fr\/wp-content\/uploads\/2016\/02\/BERNAY_H_0143.jpg 812w, https:\/\/yavaitcachezmeme.fr\/wp-content\/uploads\/2016\/02\/BERNAY_H_0143-600x394.jpg 600w\" sizes=\"auto, (max-width: 820px) 100vw, 820px\" \/><\/p>\n<p style=\"text-align: center;\">Une jeune fille prom\u00e8ne sa poup\u00e9e \u00ab\u00a0comme maman\u00a0\u00bb<\/p>\n<p><img loading=\"lazy\" decoding=\"async\" class=\"aligncenter wp-image-1078\" src=\"http:\/\/yavaitcachezmeme.fr\/wp-content\/uploads\/2016\/02\/BERNAY_H_0140.jpg\" alt=\"\" width=\"820\" height=\"528\" srcset=\"https:\/\/yavaitcachezmeme.fr\/wp-content\/uploads\/2016\/02\/BERNAY_H_0140.jpg 805w, https:\/\/yavaitcachezmeme.fr\/wp-content\/uploads\/2016\/02\/BERNAY_H_0140-600x386.jpg 600w\" sizes=\"auto, (max-width: 820px) 100vw, 820px\" \/><\/p>\n<p style=\"text-align: center;\">Un chahut autour de la fontaine<\/p>\n<p><img loading=\"lazy\" decoding=\"async\" class=\"aligncenter wp-image-1090\" src=\"http:\/\/yavaitcachezmeme.fr\/wp-content\/uploads\/2016\/02\/BERNAY_H_0810.jpg\" alt=\"\" width=\"820\" height=\"518\" srcset=\"https:\/\/yavaitcachezmeme.fr\/wp-content\/uploads\/2016\/02\/BERNAY_H_0810.jpg 828w, https:\/\/yavaitcachezmeme.fr\/wp-content\/uploads\/2016\/02\/BERNAY_H_0810-600x379.jpg 600w\" sizes=\"auto, (max-width: 820px) 100vw, 820px\" \/><\/p>\n<p style=\"text-align: center;\">Beaucoup de transformations ont \u00e9t\u00e9 effectu\u00e9es en 2023<\/p>\n<p style=\"text-align: center;\"><span style=\"color: #ff6600;\"><strong>~o~<\/strong><\/span><\/p>\n<p style=\"text-align: justify;\">Retrouvez les avenues , boulevards, places et rues en cliquant sur le lien suivant : <a href=\"https:\/\/yavaitcachezmeme.fr\/index.php\/bernay-rues-places\/\"><span style=\"color: #ff6600;\"><strong>Les chauss\u00e9es de Bernay<\/strong><\/span><\/a><\/p>\n<div style=\"font-size: 100%; font-family: georgia;\"><a href=\"https:\/\/yavaitcachezmeme.fr\/\"><img loading=\"lazy\" decoding=\"async\" class=\"aligncenter wp-image-5243\" src=\"https:\/\/yavaitcachezmeme.fr\/wp-content\/uploads\/2024\/11\/Marque-b.png\" alt=\"\" width=\"25\" height=\"43\" \/><\/a><\/div>\n<\/div>\n","protected":false},"excerpt":{"rendered":"<p>La place de Verdun, c&rsquo;est le carrefour du boulevard Dubus avec les rues du G\u00e9n\u00e9ral de Gaulle, Maurice Lemoing et Kl\u00e9ber Mercier. C&rsquo;est&#8230;<\/p>\n","protected":false},"author":1,"featured_media":0,"parent":1068,"menu_order":117,"comment_status":"closed","ping_status":"closed","template":"","meta":{"footnotes":""},"class_list":["post-1051","page","type-page","status-publish","hentry"],"_links":{"self":[{"href":"https:\/\/yavaitcachezmeme.fr\/index.php\/wp-json\/wp\/v2\/pages\/1051","targetHints":{"allow":["GET"]}}],"collection":[{"href":"https:\/\/yavaitcachezmeme.fr\/index.php\/wp-json\/wp\/v2\/pages"}],"about":[{"href":"https:\/\/yavaitcachezmeme.fr\/index.php\/wp-json\/wp\/v2\/types\/page"}],"author":[{"embeddable":true,"href":"https:\/\/yavaitcachezmeme.fr\/index.php\/wp-json\/wp\/v2\/users\/1"}],"replies":[{"embeddable":true,"href":"https:\/\/yavaitcachezmeme.fr\/index.php\/wp-json\/wp\/v2\/comments?post=1051"}],"version-history":[{"count":40,"href":"https:\/\/yavaitcachezmeme.fr\/index.php\/wp-json\/wp\/v2\/pages\/1051\/revisions"}],"predecessor-version":[{"id":13572,"href":"https:\/\/yavaitcachezmeme.fr\/index.php\/wp-json\/wp\/v2\/pages\/1051\/revisions\/13572"}],"up":[{"embeddable":true,"href":"https:\/\/yavaitcachezmeme.fr\/index.php\/wp-json\/wp\/v2\/pages\/1068"}],"wp:attachment":[{"href":"https:\/\/yavaitcachezmeme.fr\/index.php\/wp-json\/wp\/v2\/media?parent=1051"}],"curies":[{"name":"wp","href":"https:\/\/api.w.org\/{rel}","templated":true}]}}