{"id":1313,"date":"2016-02-25T06:10:56","date_gmt":"2016-02-25T05:10:56","guid":{"rendered":"http:\/\/yavaitcachezmeme.fr\/?page_id=1313"},"modified":"2025-11-10T08:15:41","modified_gmt":"2025-11-10T07:15:41","slug":"les-hameaux","status":"publish","type":"page","link":"https:\/\/yavaitcachezmeme.fr\/index.php\/bernay\/les-hameaux\/","title":{"rendered":"Les Hameaux"},"content":{"rendered":"<div style=\"font-size: 120%; font-family: georgia;\">\n<p style=\"text-align: justify;\"><span style=\"color: #ff6600;\"><strong>Les hameaux<\/strong><\/span> situ\u00e9s sur le p\u00e9rim\u00e8tre de la ville, c&rsquo;est la partie rurale de Bernay. Certains de ces hameaux sont d&rsquo;anciennes communes.<\/p>\n<p style=\"text-align: center;\"><img loading=\"lazy\" decoding=\"async\" class=\"alignnone wp-image-12420\" src=\"https:\/\/yavaitcachezmeme.fr\/wp-content\/uploads\/2024\/11\/D-et-D-600x321.png\" alt=\"\" width=\"125\" height=\"67\" srcset=\"https:\/\/yavaitcachezmeme.fr\/wp-content\/uploads\/2024\/11\/D-et-D-600x321.png 600w, https:\/\/yavaitcachezmeme.fr\/wp-content\/uploads\/2024\/11\/D-et-D.png 781w\" sizes=\"auto, (max-width: 125px) 100vw, 125px\" \/><\/p>\n<p><span style=\"text-decoration: underline; color: #ff6600;\"><strong>BOUFFEY :<\/strong><\/span><\/p>\n<p style=\"text-align: justify;\">Le hameau de Bouffey se situe \u00e0 l&rsquo;Est de la ville de Bernay. Il se compose de deux quartiers : le Bas Bouffey et le Haut Bouffey. Cette ancienne paroisse fut r\u00e9unie \u00e0 Bernay en 1792.<\/p>\n<p><img loading=\"lazy\" decoding=\"async\" class=\"aligncenter wp-image-1306\" src=\"https:\/\/yavaitcachezmeme.fr\/wp-content\/uploads\/2016\/02\/hb_BERNAY_H_0618.jpg\" alt=\"\" width=\"820\" height=\"530\" srcset=\"https:\/\/yavaitcachezmeme.fr\/wp-content\/uploads\/2016\/02\/hb_BERNAY_H_0618.jpg 821w, https:\/\/yavaitcachezmeme.fr\/wp-content\/uploads\/2016\/02\/hb_BERNAY_H_0618-600x388.jpg 600w\" sizes=\"auto, (max-width: 820px) 100vw, 820px\" \/><\/p>\n<p style=\"text-align: center;\">L&rsquo;\u00e9glise de Bouffey<\/p>\n<p><img loading=\"lazy\" decoding=\"async\" class=\"aligncenter wp-image-1307 size-full\" style=\"font-size: 100%;\" src=\"https:\/\/yavaitcachezmeme.fr\/wp-content\/uploads\/2016\/02\/hb_BERNAY_H_0619.jpg\" alt=\"\" width=\"820\" height=\"524\" srcset=\"https:\/\/yavaitcachezmeme.fr\/wp-content\/uploads\/2016\/02\/hb_BERNAY_H_0619.jpg 820w, https:\/\/yavaitcachezmeme.fr\/wp-content\/uploads\/2016\/02\/hb_BERNAY_H_0619-600x383.jpg 600w\" sizes=\"auto, (max-width: 820px) 100vw, 820px\" \/><\/p>\n<p style=\"text-align: center;\">Le ch\u00e2teau de Bouffey &#8211; Il accueille aujourd&rsquo;hui la M F R<br \/>\nMaison Familiale et Rurale de Bernay (centre de formation).<\/p>\n<p><img loading=\"lazy\" decoding=\"async\" class=\"aligncenter wp-image-1311\" src=\"https:\/\/yavaitcachezmeme.fr\/wp-content\/uploads\/2016\/02\/hr_BERNAY_H_0608.jpg\" alt=\"\" width=\"820\" height=\"525\" srcset=\"https:\/\/yavaitcachezmeme.fr\/wp-content\/uploads\/2016\/02\/hr_BERNAY_H_0608.jpg 832w, https:\/\/yavaitcachezmeme.fr\/wp-content\/uploads\/2016\/02\/hr_BERNAY_H_0608-600x384.jpg 600w\" sizes=\"auto, (max-width: 820px) 100vw, 820px\" \/><\/p>\n<p style=\"text-align: center;\">Les Ruinettes, maison particuli\u00e8re du hameau de Bouffey.<\/p>\n<p style=\"text-align: center;\"><span style=\"color: #ff6600;\"><strong>~o~<\/strong><\/span><\/p>\n<p><span style=\"text-decoration: underline; color: #ff6600;\"><strong>CARENTONNE :<\/strong><\/span><\/p>\n<p style=\"text-align: justify;\">Le Hameau de Carentonne se situe \u00e0 l&rsquo;Est de la ville de Bernay, dans le prolongement du quartier du Bas Bouffey. Cette ancienne paroisse fut r\u00e9unie \u00e0 Bernay en 1792. Son \u00e9glise est toujours visible. Son nom d&rsquo;origine gauloise est le m\u00eame que celui de la rivi\u00e8re qui le traverse qui deviendra Charentonne pour la rivi\u00e8re.<\/p>\n<p><img loading=\"lazy\" decoding=\"async\" class=\"aligncenter wp-image-1308 size-full\" src=\"https:\/\/yavaitcachezmeme.fr\/wp-content\/uploads\/2016\/02\/hc_BERNAY_H_0621.jpg\" alt=\"\" width=\"820\" height=\"529\" srcset=\"https:\/\/yavaitcachezmeme.fr\/wp-content\/uploads\/2016\/02\/hc_BERNAY_H_0621.jpg 820w, https:\/\/yavaitcachezmeme.fr\/wp-content\/uploads\/2016\/02\/hc_BERNAY_H_0621-600x387.jpg 600w\" sizes=\"auto, (max-width: 820px) 100vw, 820px\" \/><\/p>\n<p style=\"text-align: center;\">Cottage de Carentonne<\/p>\n<p><img loading=\"lazy\" decoding=\"async\" class=\"aligncenter wp-image-1788\" src=\"https:\/\/yavaitcachezmeme.fr\/wp-content\/uploads\/2016\/04\/hc_BERNAY_H_0620.jpg\" alt=\"\" width=\"820\" height=\"532\" srcset=\"https:\/\/yavaitcachezmeme.fr\/wp-content\/uploads\/2016\/04\/hc_BERNAY_H_0620.jpg 819w, https:\/\/yavaitcachezmeme.fr\/wp-content\/uploads\/2016\/04\/hc_BERNAY_H_0620-600x389.jpg 600w\" sizes=\"auto, (max-width: 820px) 100vw, 820px\" \/><\/p>\n<p style=\"text-align: center;\">Sc\u00e8ne de fauchage par une entreprise de Carentonne<\/p>\n<p style=\"text-align: center;\"><span style=\"color: #ff6600;\"><strong>~o~<\/strong><\/span><\/p>\n<p><span style=\"text-decoration: underline; color: #ff6600;\"><strong>CHAMPEAUX :<\/strong><\/span><\/p>\n<p style=\"text-align: justify;\">Le hameau de Champeaux se situe \u00e0 l&rsquo;Ouest de la ville de Bernay. Son nom d\u00e9signe un ensemble de petits champs.<\/p>\n<p><img loading=\"lazy\" decoding=\"async\" class=\"aligncenter wp-image-1309 size-full\" src=\"https:\/\/yavaitcachezmeme.fr\/wp-content\/uploads\/2016\/02\/hc_BERNAY_H_0751.jpg\" alt=\"\" width=\"820\" height=\"517\" srcset=\"https:\/\/yavaitcachezmeme.fr\/wp-content\/uploads\/2016\/02\/hc_BERNAY_H_0751.jpg 820w, https:\/\/yavaitcachezmeme.fr\/wp-content\/uploads\/2016\/02\/hc_BERNAY_H_0751-600x378.jpg 600w\" sizes=\"auto, (max-width: 820px) 100vw, 820px\" \/><\/p>\n<p style=\"text-align: center;\">Champeaux sous la neige en Janvier 1908.<\/p>\n<p><img loading=\"lazy\" decoding=\"async\" class=\"aligncenter wp-image-1580 size-full\" src=\"https:\/\/yavaitcachezmeme.fr\/wp-content\/uploads\/2016\/03\/hc_BERNAY_0922.jpg\" alt=\"\" width=\"804\" height=\"512\" srcset=\"https:\/\/yavaitcachezmeme.fr\/wp-content\/uploads\/2016\/03\/hc_BERNAY_0922.jpg 804w, https:\/\/yavaitcachezmeme.fr\/wp-content\/uploads\/2016\/03\/hc_BERNAY_0922-600x382.jpg 600w\" sizes=\"auto, (max-width: 804px) 100vw, 804px\" \/><\/p>\n<p style=\"text-align: center;\">Maison particuli\u00e8re appel\u00e9e aussi : Le Champeaux<\/p>\n<p style=\"text-align: center;\"><span style=\"color: #ff6600;\"><strong>~o~<\/strong><\/span><\/p>\n<p><span style=\"text-decoration: underline; color: #ff6600;\"><strong>MALOUVE :<\/strong><\/span><\/p>\n<p style=\"text-align: justify;\">Le hameau de Malouve se situe au Sud de la ville de Bernay. Il se compose des quartiers de la Grande et de la Petite Malouve.<\/p>\n<p><img loading=\"lazy\" decoding=\"async\" class=\"aligncenter wp-image-1310 size-full\" src=\"https:\/\/yavaitcachezmeme.fr\/wp-content\/uploads\/2016\/02\/hm_BERNAY_H_0237.jpg\" alt=\"\" width=\"814\" height=\"524\" srcset=\"https:\/\/yavaitcachezmeme.fr\/wp-content\/uploads\/2016\/02\/hm_BERNAY_H_0237.jpg 814w, https:\/\/yavaitcachezmeme.fr\/wp-content\/uploads\/2016\/02\/hm_BERNAY_H_0237-600x386.jpg 600w\" sizes=\"auto, (max-width: 814px) 100vw, 814px\" \/><\/p>\n<p style=\"text-align: center;\">L&rsquo;auberge n&rsquo;existe plus, c&rsquo;est aujourd&rsquo;hui une maison d&rsquo;habitation.<\/p>\n<p><a href=\"https:\/\/www.google.com\/maps\/@49.0639775,0.5750283,3a,90y,79.6h,81.77t\/data=!3m6!1e1!3m4!1smarNG8u4X1mTdl8c32F5qg!2e0!7i16384!8i8192\" target=\"_blank\" rel=\"noopener\"><img loading=\"lazy\" decoding=\"async\" class=\"wp-image-12987 aligncenter\" src=\"https:\/\/yavaitcachezmeme.fr\/wp-content\/uploads\/2025\/05\/Point.png\" alt=\"\" width=\"21\" height=\"30\" \/><\/a><\/p>\n<p style=\"text-align: center;\"><span style=\"color: #ff6600;\"><strong>~o~<\/strong><\/span><\/p>\n<p><span style=\"text-decoration: underline; color: #ff6600;\"><strong>LE VAL MONARD :<\/strong><\/span><\/p>\n<p style=\"text-align: justify;\">Le hameau du Val Monard se situe au Sud-Ouest de la ville de Bernay, dans le vallon du Cosnier.<\/p>\n<p><img loading=\"lazy\" decoding=\"async\" class=\"aligncenter wp-image-1312 size-full\" src=\"https:\/\/yavaitcachezmeme.fr\/wp-content\/uploads\/2016\/02\/hvm_BERNAY_H_0240.jpg\" alt=\"\" width=\"806\" height=\"516\" srcset=\"https:\/\/yavaitcachezmeme.fr\/wp-content\/uploads\/2016\/02\/hvm_BERNAY_H_0240.jpg 806w, https:\/\/yavaitcachezmeme.fr\/wp-content\/uploads\/2016\/02\/hvm_BERNAY_H_0240-600x384.jpg 600w\" sizes=\"auto, (max-width: 806px) 100vw, 806px\" \/><\/p>\n<p style=\"text-align: center;\">La ferme du Val Monard.<\/p>\n<p style=\"text-align: center;\"><img loading=\"lazy\" decoding=\"async\" class=\"alignnone wp-image-12420\" src=\"https:\/\/yavaitcachezmeme.fr\/wp-content\/uploads\/2024\/11\/D-et-D-600x321.png\" alt=\"\" width=\"125\" height=\"67\" srcset=\"https:\/\/yavaitcachezmeme.fr\/wp-content\/uploads\/2024\/11\/D-et-D-600x321.png 600w, https:\/\/yavaitcachezmeme.fr\/wp-content\/uploads\/2024\/11\/D-et-D.png 781w\" sizes=\"auto, (max-width: 125px) 100vw, 125px\" \/><\/p>\n<p style=\"text-align: justify;\">Les th\u00e8mes de la rubrique <span style=\"color: #ff6600;\"><strong>BERNAY<\/strong><\/span> sont \u00e0 visiter en cliquant sur les liens suivants :<\/p>\n<p style=\"text-align: justify;\"><strong><a href=\"https:\/\/yavaitcachezmeme.fr\/index.php\/bernay\/arts\/\">Arts<\/a> &#8211; <a href=\"https:\/\/yavaitcachezmeme.fr\/index.php\/bernay\/cabinet-de-lecture\/\">Cabinet de lecture<\/a> &#8211; <a href=\"https:\/\/yavaitcachezmeme.fr\/index.php\/bernay\/les-annees-50-70\/\">Les ann\u00e9es 50-70<\/a>\u00a0 &#8211; \u00a0<a href=\"http:\/\/yavaitcachezmeme.fr\/index.php\/bernay\/edifices-et-monuments\/\">\u00c9difices &amp; monuments<\/a>\u00a0 &#8211; \u00a0<a href=\"http:\/\/yavaitcachezmeme.fr\/index.php\/bernay\/folklore-theatre\/\">Folklore et th\u00e9\u00e2tre<\/a>\u00a0 &#8211; \u00a0<a href=\"http:\/\/yavaitcachezmeme.fr\/index.php\/bernay\/les-hameaux\/\">Les Hameaux<\/a>\u00a0 &#8211; \u00a0<a href=\"http:\/\/yavaitcachezmeme.fr\/index.php\/bernay\/hippodrome\/\">L&rsquo;hippodrome<\/a>\u00a0 &#8211; <a href=\"https:\/\/yavaitcachezmeme.fr\/index.php\/bernay\/histoire-ferroviaire\/\">Histoire ferroviaire<\/a> &#8211;\u00a0 <a href=\"http:\/\/yavaitcachezmeme.fr\/index.php\/bernay\/jardins-et-rivieres\/\">Jardins &amp; rivi\u00e8res<\/a>\u00a0 &#8211; \u00a0<a href=\"http:\/\/yavaitcachezmeme.fr\/index.php\/bernay\/publicites\/\">Publicit\u00e9s<\/a>\u00a0 &#8211; <a href=\"https:\/\/yavaitcachezmeme.fr\/index.php\/bernay\/sport\/\">Sport<\/a> &#8211; <a href=\"http:\/\/yavaitcachezmeme.fr\/index.php\/bernay\/vie-militaire\/\">Vie militaire<\/a>\u00a0 &#8211; \u00a0<a href=\"http:\/\/yavaitcachezmeme.fr\/index.php\/bernay\/vieux-papiers\/\">Vieux papiers<\/a> &#8211; <a href=\"http:\/\/yavaitcachezmeme.fr\/index.php\/bernay\/vues-aeriennes\/\">Vues a\u00e9riennes<\/a>\u00a0<\/strong><\/p>\n<p style=\"text-align: center;\"><a href=\"https:\/\/yavaitcachezmeme.fr\/\"><img loading=\"lazy\" decoding=\"async\" class=\"aligncenter wp-image-5243\" src=\"https:\/\/yavaitcachezmeme.fr\/wp-content\/uploads\/2024\/11\/Marque-b.png\" alt=\"\" width=\"25\" height=\"43\" \/><\/a><\/p>\n<\/div>\n","protected":false},"excerpt":{"rendered":"<p>Les hameaux situ\u00e9s sur le p\u00e9rim\u00e8tre de la ville, c&rsquo;est la partie rurale de Bernay. Certains de ces hameaux sont d&rsquo;anciennes communes. BOUFFEY&#8230;<\/p>\n","protected":false},"author":1,"featured_media":0,"parent":93,"menu_order":30,"comment_status":"closed","ping_status":"closed","template":"","meta":{"footnotes":""},"class_list":["post-1313","page","type-page","status-publish","hentry"],"_links":{"self":[{"href":"https:\/\/yavaitcachezmeme.fr\/index.php\/wp-json\/wp\/v2\/pages\/1313","targetHints":{"allow":["GET"]}}],"collection":[{"href":"https:\/\/yavaitcachezmeme.fr\/index.php\/wp-json\/wp\/v2\/pages"}],"about":[{"href":"https:\/\/yavaitcachezmeme.fr\/index.php\/wp-json\/wp\/v2\/types\/page"}],"author":[{"embeddable":true,"href":"https:\/\/yavaitcachezmeme.fr\/index.php\/wp-json\/wp\/v2\/users\/1"}],"replies":[{"embeddable":true,"href":"https:\/\/yavaitcachezmeme.fr\/index.php\/wp-json\/wp\/v2\/comments?post=1313"}],"version-history":[{"count":51,"href":"https:\/\/yavaitcachezmeme.fr\/index.php\/wp-json\/wp\/v2\/pages\/1313\/revisions"}],"predecessor-version":[{"id":13243,"href":"https:\/\/yavaitcachezmeme.fr\/index.php\/wp-json\/wp\/v2\/pages\/1313\/revisions\/13243"}],"up":[{"embeddable":true,"href":"https:\/\/yavaitcachezmeme.fr\/index.php\/wp-json\/wp\/v2\/pages\/93"}],"wp:attachment":[{"href":"https:\/\/yavaitcachezmeme.fr\/index.php\/wp-json\/wp\/v2\/media?parent=1313"}],"curies":[{"name":"wp","href":"https:\/\/api.w.org\/{rel}","templated":true}]}}