{"id":306,"date":"2016-01-27T22:57:49","date_gmt":"2016-01-27T21:57:49","guid":{"rendered":"http:\/\/yavaitcachezmeme.fr\/?page_id=306"},"modified":"2025-07-20T09:58:21","modified_gmt":"2025-07-20T08:58:21","slug":"st-victor-de-chretienville","status":"publish","type":"page","link":"https:\/\/yavaitcachezmeme.fr\/index.php\/autour-de-bernay\/st-victor-de-chretienville\/","title":{"rendered":"St-Victor-de-Chr\u00e9tienville"},"content":{"rendered":"<div style=\"font-size: 120%; font-family: georgia;\">\n<p style=\"text-align: justify;\">Situ\u00e9e \u00e0 l&rsquo;Ouest de Bernay, <span style=\"color: #ff6600;\"><strong>Saint-Victor-de-Chr\u00e9tienville<\/strong><\/span> recense 454 habitants en 2013 contre 253 en 1913.<\/p>\n<p style=\"text-align: center;\"><span style=\"color: #ff6600;\"><strong>~o~<\/strong><\/span><\/p>\n<p><img loading=\"lazy\" decoding=\"async\" class=\"aligncenter wp-image-849 size-full\" src=\"https:\/\/yavaitcachezmeme.fr\/wp-content\/uploads\/2016\/02\/ST-VICTOR-DE-CHRETIENVILLE_H_002.jpg\" alt=\"\" width=\"844\" height=\"515\" srcset=\"https:\/\/yavaitcachezmeme.fr\/wp-content\/uploads\/2016\/02\/ST-VICTOR-DE-CHRETIENVILLE_H_002.jpg 844w, https:\/\/yavaitcachezmeme.fr\/wp-content\/uploads\/2016\/02\/ST-VICTOR-DE-CHRETIENVILLE_H_002-600x366.jpg 600w\" sizes=\"auto, (max-width: 844px) 100vw, 844px\" \/><\/p>\n<p style=\"text-align: center;\">L&rsquo;\u00e9glise<\/p>\n<p><a href=\"https:\/\/www.google.fr\/maps\/@49.0732066,0.5163033,3a,46.9y,1.21h,98.27t\/data=!3m7!1e1!3m5!1sLfmK-92mrYr2gLlyvtQdxw!2e0!6shttps:%2F%2Fstreetviewpixels-pa.googleapis.com%2Fv1%2Fthumbnail%3Fcb_client%3Dmaps_sv.tactile%26w%3D900%26h%3D600%26pitch%3D-8.265673646189967%26panoid%3DLfmK-92mrYr2gLlyvtQdxw%26yaw%3D1.2147775961156089!7i16384!8i8192?entry=ttu&amp;g_ep=EgoyMDI1MDcxNi4wIKXMDSoASAFQAw%3D%3D\" target=\"_blank\" rel=\"noopener\"><img loading=\"lazy\" decoding=\"async\" class=\"aligncenter wp-image-12987\" src=\"https:\/\/yavaitcachezmeme.fr\/wp-content\/uploads\/2025\/05\/Point.png\" alt=\"\" width=\"21\" height=\"30\" \/><\/a><\/p>\n<p><img loading=\"lazy\" decoding=\"async\" class=\"aligncenter wp-image-4314\" src=\"http:\/\/yavaitcachezmeme.fr\/wp-content\/uploads\/2019\/01\/ST-VICTOR-DE-CHRETIENVILLE_H_006.jpg\" alt=\"\" width=\"850\" height=\"540\" srcset=\"https:\/\/yavaitcachezmeme.fr\/wp-content\/uploads\/2019\/01\/ST-VICTOR-DE-CHRETIENVILLE_H_006.jpg 1088w, https:\/\/yavaitcachezmeme.fr\/wp-content\/uploads\/2019\/01\/ST-VICTOR-DE-CHRETIENVILLE_H_006-600x381.jpg 600w, https:\/\/yavaitcachezmeme.fr\/wp-content\/uploads\/2019\/01\/ST-VICTOR-DE-CHRETIENVILLE_H_006-1024x650.jpg 1024w\" sizes=\"auto, (max-width: 850px) 100vw, 850px\" \/><\/p>\n<p style=\"text-align: center;\">L&rsquo;\u00e9glise et le monument aux morts<\/p>\n<p><img loading=\"lazy\" decoding=\"async\" class=\"aligncenter wp-image-12733\" src=\"https:\/\/yavaitcachezmeme.fr\/wp-content\/uploads\/2025\/02\/ST-VICTOR-DE-CHRETIENVILLE_P-V-001_1966-09-02-419x600.jpg\" alt=\"\" width=\"520\" height=\"745\" srcset=\"https:\/\/yavaitcachezmeme.fr\/wp-content\/uploads\/2025\/02\/ST-VICTOR-DE-CHRETIENVILLE_P-V-001_1966-09-02-419x600.jpg 419w, https:\/\/yavaitcachezmeme.fr\/wp-content\/uploads\/2025\/02\/ST-VICTOR-DE-CHRETIENVILLE_P-V-001_1966-09-02-715x1024.jpg 715w, https:\/\/yavaitcachezmeme.fr\/wp-content\/uploads\/2025\/02\/ST-VICTOR-DE-CHRETIENVILLE_P-V-001_1966-09-02.jpg 1019w\" sizes=\"auto, (max-width: 520px) 100vw, 520px\" \/><\/p>\n<p style=\"text-align: center;\">Photo anonyme d\u2019un amateur de vieilles pierres<br \/>\nL&rsquo;\u00e9glise de St Victor de Chr\u00e9tienville &#8211; 2 septembre 1966<\/p>\n<p><img loading=\"lazy\" decoding=\"async\" class=\"aligncenter wp-image-2076 size-full\" src=\"https:\/\/yavaitcachezmeme.fr\/wp-content\/uploads\/2016\/05\/ST-VICTOR-DE-CHRETIENVILLE_H_003.jpg\" alt=\"\" width=\"798\" height=\"508\" srcset=\"https:\/\/yavaitcachezmeme.fr\/wp-content\/uploads\/2016\/05\/ST-VICTOR-DE-CHRETIENVILLE_H_003.jpg 798w, https:\/\/yavaitcachezmeme.fr\/wp-content\/uploads\/2016\/05\/ST-VICTOR-DE-CHRETIENVILLE_H_003-600x382.jpg 600w\" sizes=\"auto, (max-width: 798px) 100vw, 798px\" \/><\/p>\n<p style=\"text-align: center;\">L&rsquo;int\u00e9rieur de l&rsquo;\u00e9glise<\/p>\n<p><img loading=\"lazy\" decoding=\"async\" class=\"aligncenter wp-image-4315\" src=\"https:\/\/yavaitcachezmeme.fr\/wp-content\/uploads\/2019\/01\/ST-VICTOR-DE-CHRETIENVILLE_V_001.jpg\" alt=\"\" width=\"520\" height=\"835\" srcset=\"https:\/\/yavaitcachezmeme.fr\/wp-content\/uploads\/2019\/01\/ST-VICTOR-DE-CHRETIENVILLE_V_001.jpg 508w, https:\/\/yavaitcachezmeme.fr\/wp-content\/uploads\/2019\/01\/ST-VICTOR-DE-CHRETIENVILLE_V_001-374x600.jpg 374w\" sizes=\"auto, (max-width: 520px) 100vw, 520px\" \/><\/p>\n<p style=\"text-align: center;\">Le Vitrail de La Pr\u00e9sentation<\/p>\n<p><img loading=\"lazy\" decoding=\"async\" class=\"aligncenter wp-image-848 size-full\" src=\"https:\/\/yavaitcachezmeme.fr\/wp-content\/uploads\/2016\/02\/ST-VICTOR-DE-CHRETIENVILLE_H_001.jpg\" alt=\"\" width=\"809\" height=\"533\" srcset=\"https:\/\/yavaitcachezmeme.fr\/wp-content\/uploads\/2016\/02\/ST-VICTOR-DE-CHRETIENVILLE_H_001.jpg 809w, https:\/\/yavaitcachezmeme.fr\/wp-content\/uploads\/2016\/02\/ST-VICTOR-DE-CHRETIENVILLE_H_001-600x395.jpg 600w\" sizes=\"auto, (max-width: 809px) 100vw, 809px\" \/><\/p>\n<p style=\"text-align: center;\">La place<\/p>\n<p><a href=\"https:\/\/www.google.fr\/maps\/@49.0734603,0.5161672,3a,48.9y,66.27h,92.21t\/data=!3m7!1e1!3m5!1s34mquiZ4k3coRhMQNqAdlw!2e0!6shttps:%2F%2Fstreetviewpixels-pa.googleapis.com%2Fv1%2Fthumbnail%3Fcb_client%3Dmaps_sv.tactile%26w%3D900%26h%3D600%26pitch%3D-2.214152702683535%26panoid%3D34mquiZ4k3coRhMQNqAdlw%26yaw%3D66.26693759568039!7i16384!8i8192?entry=ttu&amp;g_ep=EgoyMDI1MDcxNi4wIKXMDSoASAFQAw%3D%3D\" target=\"_blank\" rel=\"noopener\"><img loading=\"lazy\" decoding=\"async\" class=\"aligncenter wp-image-12987\" src=\"https:\/\/yavaitcachezmeme.fr\/wp-content\/uploads\/2025\/05\/Point.png\" alt=\"\" width=\"21\" height=\"30\" \/><\/a><\/p>\n<p><img loading=\"lazy\" decoding=\"async\" class=\"aligncenter wp-image-2077 size-full\" src=\"https:\/\/yavaitcachezmeme.fr\/wp-content\/uploads\/2016\/05\/ST-VICTOR-DE-CHRETIENVILLE_H_004.jpg\" alt=\"\" width=\"810\" height=\"520\" srcset=\"https:\/\/yavaitcachezmeme.fr\/wp-content\/uploads\/2016\/05\/ST-VICTOR-DE-CHRETIENVILLE_H_004.jpg 810w, https:\/\/yavaitcachezmeme.fr\/wp-content\/uploads\/2016\/05\/ST-VICTOR-DE-CHRETIENVILLE_H_004-600x385.jpg 600w\" sizes=\"auto, (max-width: 810px) 100vw, 810px\" \/><\/p>\n<p style=\"text-align: center;\">Sortie du cort\u00e8ge de la rosi\u00e8re<\/p>\n<p><a href=\"https:\/\/yavaitcachezmeme.fr\/wp-content\/uploads\/2021\/04\/ST-VICTOR-DE-CHRETIENVILLE_H_008.jpg\"><img loading=\"lazy\" decoding=\"async\" class=\"aligncenter wp-image-5154\" src=\"https:\/\/yavaitcachezmeme.fr\/wp-content\/uploads\/2021\/04\/ST-VICTOR-DE-CHRETIENVILLE_H_008.jpg\" alt=\"\" width=\"812\" height=\"512\" srcset=\"https:\/\/yavaitcachezmeme.fr\/wp-content\/uploads\/2021\/04\/ST-VICTOR-DE-CHRETIENVILLE_H_008.jpg 1624w, https:\/\/yavaitcachezmeme.fr\/wp-content\/uploads\/2021\/04\/ST-VICTOR-DE-CHRETIENVILLE_H_008-600x378.jpg 600w, https:\/\/yavaitcachezmeme.fr\/wp-content\/uploads\/2021\/04\/ST-VICTOR-DE-CHRETIENVILLE_H_008-1024x646.jpg 1024w, https:\/\/yavaitcachezmeme.fr\/wp-content\/uploads\/2021\/04\/ST-VICTOR-DE-CHRETIENVILLE_H_008-1536x969.jpg 1536w\" sizes=\"auto, (max-width: 812px) 100vw, 812px\" \/><\/a><\/p>\n<p style=\"text-align: center;\">Souvenir des soir\u00e9es de l&rsquo;Association Amicale<\/p>\n<p><img loading=\"lazy\" decoding=\"async\" class=\"aligncenter wp-image-2299 size-full\" src=\"https:\/\/yavaitcachezmeme.fr\/wp-content\/uploads\/2017\/01\/ST-VICTOR-DE-CHRETIENVILLE_H_005.jpg\" alt=\"\" width=\"806\" height=\"528\" srcset=\"https:\/\/yavaitcachezmeme.fr\/wp-content\/uploads\/2017\/01\/ST-VICTOR-DE-CHRETIENVILLE_H_005.jpg 806w, https:\/\/yavaitcachezmeme.fr\/wp-content\/uploads\/2017\/01\/ST-VICTOR-DE-CHRETIENVILLE_H_005-600x393.jpg 600w\" sizes=\"auto, (max-width: 806px) 100vw, 806px\" \/><\/p>\n<p style=\"text-align: center;\">Souvenir des soir\u00e9es de l&rsquo;Amicale<\/p>\n<p><img loading=\"lazy\" decoding=\"async\" class=\"aligncenter wp-image-4377 size-full\" src=\"https:\/\/yavaitcachezmeme.fr\/wp-content\/uploads\/2019\/05\/ST-VICTOR-DE-CHRETIENVILLE_H_007.jpg\" alt=\"\" width=\"816\" height=\"530\" srcset=\"https:\/\/yavaitcachezmeme.fr\/wp-content\/uploads\/2019\/05\/ST-VICTOR-DE-CHRETIENVILLE_H_007.jpg 816w, https:\/\/yavaitcachezmeme.fr\/wp-content\/uploads\/2019\/05\/ST-VICTOR-DE-CHRETIENVILLE_H_007-600x390.jpg 600w\" sizes=\"auto, (max-width: 816px) 100vw, 816px\" \/><\/p>\n<p style=\"text-align: center;\">St-Victor-de-Chr\u00e9tienville &#8211; Souvenir des soir\u00e9es de l&rsquo;Amicale<\/p>\n<p><img loading=\"lazy\" decoding=\"async\" class=\"aligncenter wp-image-11868\" src=\"https:\/\/yavaitcachezmeme.fr\/wp-content\/uploads\/2024\/02\/ST-VICTOR-DE-CHRETIENVILLE_H_009-600x381.jpg\" alt=\"\" width=\"820\" height=\"520\" srcset=\"https:\/\/yavaitcachezmeme.fr\/wp-content\/uploads\/2024\/02\/ST-VICTOR-DE-CHRETIENVILLE_H_009-600x381.jpg 600w, https:\/\/yavaitcachezmeme.fr\/wp-content\/uploads\/2024\/02\/ST-VICTOR-DE-CHRETIENVILLE_H_009-1024x650.jpg 1024w, https:\/\/yavaitcachezmeme.fr\/wp-content\/uploads\/2024\/02\/ST-VICTOR-DE-CHRETIENVILLE_H_009-1536x975.jpg 1536w, https:\/\/yavaitcachezmeme.fr\/wp-content\/uploads\/2024\/02\/ST-VICTOR-DE-CHRETIENVILLE_H_009.jpg 1620w\" sizes=\"auto, (max-width: 820px) 100vw, 820px\" \/><\/p>\n<p style=\"text-align: center;\">Multi vues \u00ab\u00a0artisanale\u00a0\u00bb &#8211; 27 f\u00e9vrier et 6 mars 1910<br \/>\nSouvenir des soir\u00e9es de l&rsquo;Association Amicale<\/p>\n<p><img loading=\"lazy\" decoding=\"async\" class=\"aligncenter wp-image-2158 size-full\" src=\"https:\/\/yavaitcachezmeme.fr\/wp-content\/uploads\/2016\/10\/ST-VICTOR-DE-CHRETIENVILLE_HM_001.jpg\" alt=\"\" width=\"810\" height=\"512\" srcset=\"https:\/\/yavaitcachezmeme.fr\/wp-content\/uploads\/2016\/10\/ST-VICTOR-DE-CHRETIENVILLE_HM_001.jpg 810w, https:\/\/yavaitcachezmeme.fr\/wp-content\/uploads\/2016\/10\/ST-VICTOR-DE-CHRETIENVILLE_HM_001-600x379.jpg 600w\" sizes=\"auto, (max-width: 810px) 100vw, 810px\" \/><\/p>\n<p style=\"text-align: center;\">Le caf\u00e9 et la station aux Quatre Vents (RD 131)<\/p>\n<p><a href=\"https:\/\/www.google.fr\/maps\/@49.0664198,0.5078832,3a,48.9y,210.09h,95.55t\/data=!3m7!1e1!3m5!1s5jKUqA2PuEv4qGjktOxUEw!2e0!6shttps:%2F%2Fstreetviewpixels-pa.googleapis.com%2Fv1%2Fthumbnail%3Fcb_client%3Dmaps_sv.tactile%26w%3D900%26h%3D600%26pitch%3D-5.553557937814503%26panoid%3D5jKUqA2PuEv4qGjktOxUEw%26yaw%3D210.09446601143424!7i16384!8i8192?entry=ttu&amp;g_ep=EgoyMDI1MDcxNi4wIKXMDSoASAFQAw%3D%3D\" target=\"_blank\" rel=\"noopener\"><img loading=\"lazy\" decoding=\"async\" class=\"aligncenter wp-image-12987\" src=\"https:\/\/yavaitcachezmeme.fr\/wp-content\/uploads\/2025\/05\/Point.png\" alt=\"\" width=\"21\" height=\"30\" \/><\/a><\/p>\n<p style=\"text-align: center;\"><img loading=\"lazy\" decoding=\"async\" class=\"alignnone wp-image-12997\" src=\"https:\/\/yavaitcachezmeme.fr\/wp-content\/uploads\/2025\/05\/ST-VICTOR-DE-CHRETIENVILLE_H_010-600x374.jpg\" alt=\"\" width=\"820\" height=\"512\" srcset=\"https:\/\/yavaitcachezmeme.fr\/wp-content\/uploads\/2025\/05\/ST-VICTOR-DE-CHRETIENVILLE_H_010-600x374.jpg 600w, https:\/\/yavaitcachezmeme.fr\/wp-content\/uploads\/2025\/05\/ST-VICTOR-DE-CHRETIENVILLE_H_010-1024x639.jpg 1024w, https:\/\/yavaitcachezmeme.fr\/wp-content\/uploads\/2025\/05\/ST-VICTOR-DE-CHRETIENVILLE_H_010-1536x959.jpg 1536w, https:\/\/yavaitcachezmeme.fr\/wp-content\/uploads\/2025\/05\/ST-VICTOR-DE-CHRETIENVILLE_H_010.jpg 1628w\" sizes=\"auto, (max-width: 820px) 100vw, 820px\" \/><\/p>\n<p style=\"text-align: center;\">Le manoir de la Gruelle<\/p>\n<p style=\"text-align: center;\"><span style=\"color: #ff6600;\"><strong>~o~<\/strong><\/span><\/p>\n<p style=\"text-align: justify;\">Les communes des anciens cantons de Bernay-Est et Bernay-Ouest\u00a0\u00e0 visiter en cliquant sur les liens suivants :<\/p>\n<p style=\"text-align: justify;\"><strong><a href=\"https:\/\/yavaitcachezmeme.fr\/index.php\/autour-de-bernay\/caorches-st-nicolas\/\">Caorches St Nicolas<\/a> &#8211; <a href=\"https:\/\/yavaitcachezmeme.fr\/index.php\/autour-de-bernay\/carsix\/\">Carsix<\/a> &#8211; <a href=\"https:\/\/yavaitcachezmeme.fr\/index.php\/autour-de-bernay\/corneville-la-fouquetiere\/\">Corneville-la-Fouqueti\u00e8re<\/a> &#8211; <a href=\"https:\/\/yavaitcachezmeme.fr\/index.php\/autour-de-bernay\/courbepine\/\">Courb\u00e9pine<\/a>\u00a0 &#8211; \u00a0<a href=\"http:\/\/yavaitcachezmeme.fr\/index.php\/les-environs\/fontaine-labbe\/\">Fontaine-l&rsquo;Abb\u00e9<\/a>\u00a0 &#8211; <a href=\"https:\/\/yavaitcachezmeme.fr\/index.php\/autour-de-bernay\/malouy\/\">Malouy<\/a> &#8211; \u00a0<a href=\"http:\/\/yavaitcachezmeme.fr\/index.php\/les-environs\/menneval\/\">Menneval<\/a>\u00a0 &#8211; <a href=\"https:\/\/yavaitcachezmeme.fr\/index.php\/autour-de-bernay\/plainville\/\">Plainville<\/a> &#8211;\u00a0 <a href=\"http:\/\/yavaitcachezmeme.fr\/index.php\/les-environs\/plasnes\/\">Plasnes<\/a>\u00a0 &#8211; \u00a0<a href=\"http:\/\/yavaitcachezmeme.fr\/index.php\/les-environs\/st-aubin-le-vertueux\/\">St-Aubin-Le-Vertueux<\/a>\u00a0 &#8211; \u00a0<a href=\"http:\/\/yavaitcachezmeme.fr\/index.php\/les-environs\/st-clair-darcey\/\">St-Clair-d&rsquo;Arcey<\/a>\u00a0 &#8211; \u00a0<a href=\"http:\/\/yavaitcachezmeme.fr\/index.php\/les-environs\/st-leger-de-rostes\/\">St-L\u00e9ger-de-R\u00f4tes<\/a>\u00a0 &#8211; \u00a0<a href=\"http:\/\/yavaitcachezmeme.fr\/index.php\/les-environs\/st-martin-du-tilleul\/\">St-Martin-du-Tilleul<\/a>\u00a0 &#8211; <a href=\"http:\/\/yavaitcachezmeme.fr\/index.php\/les-environs\/st-victor-de-chretienville\/\">St-Victor-de-Chr\u00e9tienville<\/a>\u00a0 &#8211; <a href=\"https:\/\/yavaitcachezmeme.fr\/index.php\/autour-de-bernay\/serquigny\/\">Serquigny<\/a> &#8211;\u00a0 <a href=\"http:\/\/yavaitcachezmeme.fr\/index.php\/les-environs\/valailles\/\">Valailles<\/a><\/strong><\/p>\n<p><img loading=\"lazy\" decoding=\"async\" class=\"aligncenter wp-image-12675\" src=\"https:\/\/yavaitcachezmeme.fr\/wp-content\/uploads\/2025\/01\/Autour-de-Bernay-600x371.png\" alt=\"\" width=\"820\" height=\"506\" srcset=\"https:\/\/yavaitcachezmeme.fr\/wp-content\/uploads\/2025\/01\/Autour-de-Bernay-600x371.png 600w, https:\/\/yavaitcachezmeme.fr\/wp-content\/uploads\/2025\/01\/Autour-de-Bernay.png 1004w\" sizes=\"auto, (max-width: 820px) 100vw, 820px\" \/><\/p>\n<\/div>\n","protected":false},"excerpt":{"rendered":"<p>Situ\u00e9e \u00e0 l&rsquo;Ouest de Bernay, Saint-Victor-de-Chr\u00e9tienville recense 454 habitants en 2013 contre 253 en 1913. ~o~ L&rsquo;\u00e9glise L&rsquo;\u00e9glise et le monument aux morts&#8230;<\/p>\n","protected":false},"author":1,"featured_media":0,"parent":5270,"menu_order":608,"comment_status":"closed","ping_status":"closed","template":"","meta":{"footnotes":""},"class_list":["post-306","page","type-page","status-publish","hentry"],"_links":{"self":[{"href":"https:\/\/yavaitcachezmeme.fr\/index.php\/wp-json\/wp\/v2\/pages\/306","targetHints":{"allow":["GET"]}}],"collection":[{"href":"https:\/\/yavaitcachezmeme.fr\/index.php\/wp-json\/wp\/v2\/pages"}],"about":[{"href":"https:\/\/yavaitcachezmeme.fr\/index.php\/wp-json\/wp\/v2\/types\/page"}],"author":[{"embeddable":true,"href":"https:\/\/yavaitcachezmeme.fr\/index.php\/wp-json\/wp\/v2\/users\/1"}],"replies":[{"embeddable":true,"href":"https:\/\/yavaitcachezmeme.fr\/index.php\/wp-json\/wp\/v2\/comments?post=306"}],"version-history":[{"count":37,"href":"https:\/\/yavaitcachezmeme.fr\/index.php\/wp-json\/wp\/v2\/pages\/306\/revisions"}],"predecessor-version":[{"id":13103,"href":"https:\/\/yavaitcachezmeme.fr\/index.php\/wp-json\/wp\/v2\/pages\/306\/revisions\/13103"}],"up":[{"embeddable":true,"href":"https:\/\/yavaitcachezmeme.fr\/index.php\/wp-json\/wp\/v2\/pages\/5270"}],"wp:attachment":[{"href":"https:\/\/yavaitcachezmeme.fr\/index.php\/wp-json\/wp\/v2\/media?parent=306"}],"curies":[{"name":"wp","href":"https:\/\/api.w.org\/{rel}","templated":true}]}}